{"id":433,"date":"2018-07-12T14:39:06","date_gmt":"2018-07-12T17:39:06","guid":{"rendered":"http:\/\/grafatorio.com\/site\/?page_id=433"},"modified":"2026-04-22T16:46:21","modified_gmt":"2026-04-22T19:46:21","slug":"programacao","status":"publish","type":"page","link":"https:\/\/grafatorio.com\/site\/programacao\/","title":{"rendered":"Programa\u00e7\u00e3o"},"content":{"rendered":"<p>Clique sobre os t\u00edtulos para mais informa\u00e7\u00f5es.<\/p>\n<hr \/>\n<h3>2026<\/h3>\n<p>24 a 26 de julho | evento <strong>Festival DOBRA de Arte impressa 2026<\/strong>\u2003<a href=\"http:\/\/dobra.grafatorio.com\" target=\"_blank\" rel=\"noopener\">+info<\/a><\/p>\n<p>2 de maio das 16h \u00e0s 22h \u00a0| evento <strong>miniDOBRA #7<\/strong> no Grafat\u00f3rio\u00a0 \u00a0+info<\/p>\n<p>25 de abril | oficina <strong>Games &amp; arte: uma introdu\u00e7\u00e3o<\/strong> com Guilherme Gerais [PR]<strong>\u00a0 \u00a0<\/strong><a href=\"https:\/\/docs.google.com\/forms\/d\/e\/1FAIpQLSc-qyDZ455zQvYdUI6SxkKY9d_MajSdCIJNWRIu0CmVhPTy2Q\/viewform\">+info<\/a><\/p>\n<p>14 de mar\u00e7o das 16h \u00e0s 22h \u00a0| evento <strong>Ateli\u00ea aberto RASGO #6<\/strong> no Grafat\u00f3rio\u00a0 \u00a0<a href=\"https:\/\/www.instagram.com\/p\/DWows_It2nt\/\" target=\"_blank\" rel=\"noopener\">+info<\/a><\/p>\n<p>12 de mar\u00e7o | oficina <strong>Palavras puls\u00e1teis, sob burburinhos de escuta<\/strong> com Raquel Stolf [SC]<strong>\u00a0 \u00a0<\/strong><a href=\"https:\/\/forms.gle\/ge6jEHRMJtAEfY9S6\">+info<\/a><\/p>\n<p>a partir de 4 de mar\u00e7o | grupo de produ\u00e7\u00e3o <strong>M\u00e3os sujas impressos clube\u00a0 \u00a0<\/strong><a href=\"https:\/\/grafatorio.com\/maossujas\">+info<\/a><\/p>\n<p>28 de fevereiro a 11 de abril | curso <strong>Publique voc\u00ea mesmo<\/strong>\u00a0com Felipe Melhado e Pablo Blanco \u00a0\u00a0<a href=\"https:\/\/grafatorio.com\/publique\">+info<\/a><\/p>\n<p>24 de fevereiro das 19h \u00e0s 22h | lan\u00e7amento do livro <strong>Ew\u00e9<\/strong> de Marcos Aulicino<span class=\"selectable-text copyable-text xkrh14z\"><strong>\u00a0 \u00a0<\/strong><\/span><span class=\"selectable-text copyable-text xkrh14z\">+info<\/span><\/p>\n<h3>2025<\/h3>\n<p>11 e 12 de dezembro | oficina de <strong>Cianotipia<\/strong> com Priscila Bellotti [SP]<strong>\u00a0 \u00a0<\/strong><a href=\"https:\/\/docs.google.com\/forms\/d\/e\/1FAIpQLSectVsZ_fm98ZBrlskaDNeI37ieyrB-9cZkHGyuCZPEZHAaKQ\/closedform\">+info<\/a><\/p>\n<p>10 de dezembro das 16h \u00e0s 22h \u00a0| evento <strong>miniDOBRA #6<\/strong> no Grafat\u00f3rio\u00a0 \u00a0<a href=\"https:\/\/www.instagram.com\/p\/DR4jmPzjWPA\/\">+info<\/a><\/p>\n<p>22 de novembro das 16h \u00e0s 22h \u00a0| evento <strong>Ateli\u00ea aberto RASGO #5<\/strong> no Grafat\u00f3rio\u00a0 \u00a0<a href=\"https:\/\/www.instagram.com\/p\/DRSBF-WDW9n\/?img_index=1\">+info<\/a><\/p>\n<p>19 de novembro das 19h \u00e0s 22h \u00a0| conversa aberta <strong>Arquiteturas do desvio: apropria\u00e7\u00f5es, res\u00edduos e ru\u00ednas<\/strong> com Alana Gentil [PR], Guilherme Vieira [SP] e Natali Tubenchlak [RJ]. Media\u00e7\u00e3o de Simone Peixoto [SP]\u00a0 \u00a0<a href=\"https:\/\/www.instagram.com\/p\/DRLICtGgZP2\/?img_index=1\">+info<\/a><\/p>\n<p>17 de novembro | oficina <strong>Impress\u00f5es com matriz de material branco<\/strong> com Guilherme Vieira [SP]\u00a0 \u00a0<a href=\"https:\/\/www.instagram.com\/p\/DRCrZORDVY8\/?img_index=1\">+info<\/a><\/p>\n<p>15 de novembro | oficina <strong>Caderno de brech\u00f3<\/strong> com Alana Gentil [PR]\u00a0 \u00a0<a href=\"https:\/\/www.instagram.com\/p\/DQ-O2zdgZ3j\/?img_index=1\">+info<\/a><\/p>\n<p>14 de novembro | oficina <strong>Gravura do fim do mundo: sustentabilidade e resili\u00eancia<\/strong> com Natali Tubenchlak [RJ]\u00a0 \u00a0<a href=\"https:\/\/www.instagram.com\/p\/DQ9kJu9Diu_\/?img_index=1\">+info<\/a><\/p>\n<p>11 a 22 de novembro | resid\u00eancia art\u00edstica <strong>RASGO #5<\/strong>\u00a0 \u00a0<a href=\"https:\/\/grafatorio.com\/rasgo\">+info<\/a><\/p>\n<p>10 de outubro das 14h30 \u00e0s 18h30 | oficina <strong>Xilogravura com interven\u00e7\u00e3o tipogr\u00e1fica <\/strong>com\u00a0Mart\u00edn Gon\u00e7alves [Uruguai] <a href=\"https:\/\/forms.gle\/S77mMYincJuN3LSH7\" target=\"_blank\" rel=\"noopener\">+info<\/a><strong><br \/><\/strong><\/p>\n<p>3 de outubro \u00e0s 19h | <span class=\"selectable-text copyable-text xkrh14z\">exibi\u00e7\u00e3o <\/span><strong><span class=\"selectable-text copyable-text xkrh14z\">Boca de Tudo <\/span><\/strong><span class=\"selectable-text copyable-text xkrh14z\">do <\/span><span class=\"selectable-text copyable-text xkrh14z\">Coletivo \u1eccf\u00e0 Dod\u00fan<strong>\u00a0 \u00a0<\/strong><\/span><span class=\"selectable-text copyable-text xkrh14z\"><a href=\"https:\/\/www.instagram.com\/p\/DPSBiGrgcC4\/\" target=\"_blank\" rel=\"noopener\">+info<\/a><\/span><\/p>\n<p>5 de setembro das 18 \u00e0s 22h \u00a0| abertura da exposi\u00e7\u00e3o <strong>Ocupa\u00e7\u00e3o Xilom\u00f3vel<\/strong> no Grafat\u00f3rio<\/p>\n<p>3 e 4 de setembro | oficina <strong>Possibilidades narrativas em fotolivros<\/strong> com Vitor Casemiro [SP]<strong>\u00a0 \u00a0<\/strong><a href=\"https:\/\/dobra.grafatorio.com\/\">+info<\/a><\/p>\n<p>1 e 2 de setembro | oficina <strong>Carimbos e carimbadas<\/strong> com Rebeca Catarina [SP]<strong>\u00a0 \u00a0<\/strong><a href=\"https:\/\/docs.google.com\/forms\/d\/e\/1FAIpQLSectVsZ_fm98ZBrlskaDNeI37ieyrB-9cZkHGyuCZPEZHAaKQ\/closedform\">+info<\/a><\/p>\n<p>30 de agosto a 7 de setembro | evento\u00a0<strong>Festival DOBRA de Arte impressa 2025<\/strong>\u2003<a href=\"http:\/\/dobra.grafatorio.com\" target=\"_blank\" rel=\"noopener\">+info<\/a><\/p>\n<p>28 de junho das 16h \u00e0s 22h \u00a0| evento <strong>Ateli\u00ea aberto RASGO #4<\/strong> no Grafat\u00f3rio\u00a0 \u00a0<a href=\"https:\/\/www.instagram.com\/p\/DRSBF-WDW9n\/?img_index=1\">+info<\/a><\/p>\n<p>25 de junho | viv\u00eancia\/oficina <strong>Matrizes, impress\u00e3o e experimenta\u00e7\u00f5es gr\u00e1ficas<\/strong> com Lu\u00eds Matuto [MG]\u00a0 \u00a0<a href=\"https:\/\/www.instagram.com\/p\/DLIJ9H3O0mA\/?img_index=1\">+info<\/a><\/p>\n<p>24 de junho das 19h \u00e0s 22h \u00a0| conversa aberta <strong>No osso da imagem<\/strong> com Nadine Nascimento (Jupiter91) [BA], Lu\u00eds Matuto [MG] e Gabriel Menezes (Fih de baiano) [PR]. Media\u00e7\u00e3o de Edson Vieira [PR]\u00a0 \u00a0<a href=\"https:\/\/www.instagram.com\/p\/DLQiZzGB2oN\/?img_index=1\">+info<\/a><\/p>\n<p>23 de junho | oficina <strong>Colagem como viv\u00eancia gr\u00e1fica e po\u00e9tica da cidade<\/strong> com Nadine Nascimento (Jupiter91) [BA] \u00a0\u00a0<a href=\"https:\/\/www.instagram.com\/p\/DLGFZhWPjv1\/?img_index=1\">+info<\/a><\/p>\n<p>21 de junho | viv\u00eancia\/oficina <strong>Mem\u00f3ria impressa: composi\u00e7\u00e3o com matrizes perdidas<\/strong> com Gabriel Menezes (Fih de baiano) [PR] \u00a0 <a href=\"https:\/\/www.instagram.com\/p\/DLDu6AlPCI8\/?img_index=1\">+info<\/a><\/p>\n<p>17 a 28 de junho | resid\u00eancia art\u00edstica <strong>RASGO #4<\/strong>\u00a0 \u00a0<a href=\"https:\/\/grafatorio.com\/rasgo\">+info<\/a><\/p>\n<p>23 de maio das 18h \u00e0s 22h \u00a0| evento <b>De m\u00e3o em m\u00e3o: 10 anos da plataforma Estopim<\/b>\u00a0no Grafat\u00f3rio<\/p>\n<p>3 a 31 de maio | curso <strong>Publique voc\u00ea mesmo<\/strong>\u00a0com Felipe Melhado e Pablo Blanco \u00a0\u00a0<a href=\"https:\/\/grafatorio.com\/publique\">+info<\/a><\/p>\n<p>26 de abril | oficina <strong>Encaderna\u00e7\u00e3o: capa dura com tecido<\/strong> com Let\u00edcia Albanez<strong>\u00a0 \u00a0<\/strong><a href=\"https:\/\/grafatorio.com\/site\/produto\/oficina-encadernacao-abr25\/\">+info<\/a><\/p>\n<p>5 de abril das 16h \u00e0s 22h \u00a0| evento <strong>miniDOBRA #5<\/strong> no Grafat\u00f3rio<\/p>\n<p>4 e 5 de abril | oficina <strong>A natureza dessemelhante das imagens<\/strong> com Cristiano Moreira (Papel do Mato) \u00a0 <a href=\"https:\/\/docs.google.com\/forms\/d\/e\/1FAIpQLSeHGQeyWjG4TeVXTzlXI73knxAcraafsaB0mgLEQrDH6r_8MQ\/viewform?usp=header\" target=\"_blank\" rel=\"noopener\">+info<\/a><\/p>\n<p>15 e 16 de mar\u00e7o | oficina <strong>Mem\u00f3ria em papel<\/strong> com Lis Ayrosa<strong>\u00a0 \u00a0<\/strong><a href=\"https:\/\/grafatorio.com\/site\/produto\/oficina-memoria-em-papel-mar25\/\">+info<\/a><\/p>\n<p>15 de fevereiro das 11h \u00e0s 14h | lan\u00e7amento da plaquete <strong>A cimitarra da candura<\/strong> de Arrigo Barnab\u00e9, em S\u00e3o Paulo-SP \u00a0 <a href=\"https:\/\/www.instagram.com\/p\/DF8jU2tBguD\">+info<\/a><\/p>\n<p>a partir de 5 de fevereiro | grupo de produ\u00e7\u00e3o <strong>M\u00e3os sujas impressos clube\u00a0 \u00a0<\/strong><a href=\"https:\/\/grafatorio.com\/maossujas\">+info<\/a><\/p>\n<p>30 de janeiro \u00e0s 19h \u00a0| bate-papo sobre o projeto <b>Ca\u00e7amba-gr\u00e1fica<\/b> com Ti\u00e3o\u00a0 \u00a0<a href=\"https:\/\/www.instagram.com\/p\/DFbOvTrBBq2\/?img_index=1\">+info<\/a><\/p>\n<h3>2024<\/h3>\n<p>14 de dezembro das 16h \u00e0s 22h \u00a0| evento <strong>miniDOBRA #4<\/strong> no Grafat\u00f3rio\u00a0 \u00a0<a href=\"https:\/\/www.instagram.com\/p\/DDemyLdxTbJ\/\">+info<\/a><\/p>\n<p>16 de novembro das 16h \u00e0s 22h \u00a0| evento <strong>Anivers\u00e1rio Grafat\u00f3rio + Ateli\u00ea aberto M\u00e3os Sujas I.C. <\/strong>\u00a0no Grafat\u00f3rio\u00a0 \u00a0<a href=\"https:\/\/www.instagram.com\/grafatorio\" target=\"_blank\" rel=\"noopener\">+info<\/a><\/p>\n<p>5 e 6 de setembro | oficina <strong>Um olhar para o cotidiano \u2013 fotografia criativa<\/strong> com Ingrid Gon\u00e7alves [4\u00aa mostra Gema] \u00a0<a href=\"https:\/\/www.instagram.com\/p\/C_IymomRDrY\/?__d=11\">\u00a0+info<\/a><\/p>\n<p>21, 22 e 23 de agosto | oficina <strong>Capta\u00e7\u00e3o audiovisual<\/strong> com Fran Camilo [4\u00aa mostra Gema] \u00a0<a href=\"https:\/\/www.instagram.com\/p\/C-Vh2m6RCU4\/?__d=11\">\u00a0+info<\/a><\/p>\n<p>27 de julho a 4 de agosto | <strong>Festival DOBRA de Arte impressa 2024<\/strong>\u2003<a href=\"http:\/\/dobra.grafatorio.com\" target=\"_blank\" rel=\"noopener\">+info<\/a><\/p>\n<p>27 de junho \u00e0s 19h30 \u00a0| sess\u00e3o #2 <strong>Cine Cequinha itinerante<\/strong> no Grafat\u00f3rio \u00a0 \u00a0<a href=\"https:\/\/www.instagram.com\/p\/C8nbwqHxtEg\/?img_index=1\">+info<\/a><\/p>\n<p>13 de junho \u00e0s 19h30 \u00a0| sess\u00e3o #1 <strong>Cine Cequinha itinerante<\/strong> no Grafat\u00f3rio \u00a0 \u00a0<a href=\"https:\/\/www.instagram.com\/p\/C8DcdjXvsDd\/?img_index=1\">+info<\/a><\/p>\n<p>27 de abril | oficina <strong>Encaderna\u00e7\u00e3o \u2013 iniciante<\/strong> com Let\u00edcia Albanez \u00a0<a href=\"https:\/\/grafatorio.com\/site\/produto\/oficina-de-encadernacao-abr24\/\">\u00a0+info<\/a><\/p>\n<p>9 de mar\u00e7o das 17h \u00e0s 22h \u00a0| evento <strong>Paratopias gr\u00e1ficas<\/strong>\u00a0no Grafat\u00f3rio\u00a0 \u00a0<a href=\"https:\/\/www.instagram.com\/publica.artesvisuais\" target=\"_blank\" rel=\"noopener\">+info<\/a><\/p>\n<p>7 de mar\u00e7o \u00e0s 19h \u00a0| bate-papo sobre o livro\u00a0<strong>Aprender de cora\u00e7\u00e3o<\/strong>\u00a0com Tereza Bettinardi \u00a0 \u00a0<a href=\"https:\/\/www.instagram.com\/grafatorio\">+info<\/a><\/p>\n<p>a partir de 6 de mar\u00e7o | grupo de produ\u00e7\u00e3o\u00a0<strong>M\u00e3os Sujas Impressos Clube<\/strong>\u00a0 \u00a0<a href=\"https:\/\/grafatorio.com\/maossujas\">+info<\/a><\/p>\n<h3>2023<\/h3>\n<p>18 de dezembro das 19h \u00e0s 22h \u00a0| lan\u00e7amento do livro\u00a0<strong>Tremulus<\/strong>\u00a0de Neuza\u00a0\u00a0 \u00a0<a href=\"https:\/\/www.instagram.com\/p\/C1AnUYLRCsa\">+info<\/a><\/p>\n<p>16 de dezembro das 16h \u00e0s 22h \u00a0| evento <strong>miniDOBRA #3<\/strong> no Grafat\u00f3rio\u00a0 \u00a0<a href=\"https:\/\/www.instagram.com\/p\/C0SSjtwRhaP\/?utm_source=ig_web_copy_link&amp;igshid=MzRlODBiNWFlZA==\">+info<\/a><\/p>\n<p>15 e 16 de dezembro | oficina <strong>Fazendo serigrafia no foite!<\/strong>\u00a0com Rafael Ancara \u00a0<a href=\"https:\/\/grafatorio.com\/site\/produto\/lambes-experimentais\/\">\u00a0+info<\/a><\/p>\n<p>6 de dezembro das 19h \u00e0s 22h | lan\u00e7amento do livro\u00a0<strong>Fic\u00e7\u00f5es completas<\/strong>\u00a0de Arnaldo Baptista, em S\u00e3o Paulo-SP \u00a0\u00a0<a href=\"https:\/\/www.instagram.com\/p\/C0XWt3yRXq_\/?utm_source=ig_web_copy_link&amp;igshid=MzRlODBiNWFlZA==\">+info<\/a><\/p>\n<p>25 de novembro das 10h \u00e0s 18h | oficina de <strong>Lambe experimental<\/strong>\u00a0com Karina Rampazzo e Lua Specian \u00a0<a href=\"https:\/\/grafatorio.com\/site\/produto\/lambes-experimentais\/\">\u00a0+info<\/a><\/p>\n<p>14 de outubro das 16h \u00e0s 22h \u00a0| evento <strong>Camadas \u2013 1\u00aa mostra de design universit\u00e1rio<\/strong>\u00a0no Grafat\u00f3rio\u00a0 <a href=\"https:\/\/www.instagram.com\/cadunifil\">\u00a0+info<\/a><\/p>\n<p>23 de setembro das 10h \u00e0s 13h | oficina de <strong>Marbling<\/strong> com Ana Paula Luz\u00a0 <a href=\"https:\/\/grafatorio.com\/site\/produto\/marbling\/\">\u00a0+info<\/a><\/p>\n<p>6 de setembro das 19h \u00e0s 22h | A conversa aberta sobre o livro <strong>Escrever \u00e9 esquecer<\/strong>\u00a0com Diego Gim\u00e9nez<\/p>\n<p>5 de agosto das 19h \u00e0s 22h | lan\u00e7amento do livro\u00a0<strong>Gal\u00e1xia floresce na primavera<\/strong>\u00a0de Nanao Sakaki\u00a0 <a href=\"https:\/\/grafatorio.com\/site\/produto\/galaxia-floresce\/\">\u00a0+info<\/a><\/p>\n<p>5 de agosto das 9h \u00e0s 13h | oficina <strong>Voc\u00ea \u00e9 uma can\u00e7\u00e3o<\/strong>\u00a0com Vitor Wutski e Bruno Iasi \u00a0 \u00a0<a href=\"https:\/\/grafatorio.com\/site\/produto\/voce-e-uma-cancao\/\">+info<\/a><\/p>\n<p>15 de julho das 16h \u00e0s 22h \u00a0| lan\u00e7amento coletivo\u00a0<strong>Publique voc\u00ea mesmo<\/strong>\u00a0no Grafat\u00f3rio\u00a0 <a href=\"https:\/\/www.instagram.com\/grafatorio\/\">\u00a0+info<\/a><\/p>\n<p>8 de julho das 16h \u00e0s 22h \u00a0| evento <strong>feira Okupa<\/strong> no Grafat\u00f3rio\u00a0 <a href=\"https:\/\/www.instagram.com\/feira.okupa\/\">\u00a0+info<\/a><\/p>\n<p>a partir de 7 de junho | grupo de produ\u00e7\u00e3o\u00a0<strong>M\u00e3os Sujas Impressos Clube<\/strong>\u00a0 \u00a0<a href=\"https:\/\/grafatorio.com\/maossujas\">+info<\/a><\/p>\n<p>3 de junho das 16h \u00e0s 22h \u00a0| evento <strong>miniDOBRA #2<\/strong> no Grafat\u00f3rio\u00a0 <a href=\"https:\/\/www.instagram.com\/grafatorio\/\">\u00a0+info<\/a><\/p>\n<p>3 de junho das 9h \u00e0s 13h | oficina <strong>Proliferar desobedi\u00eancias<\/strong>\u00a0com Editora Monstro dos Mares \u00a0 \u00a0<a href=\"https:\/\/grafatorio.com\/site\/produto\/proliferar-desobediencias\/\">+info<\/a><\/p>\n<span class=\"collapseomatic \" id=\"id69f5b836ea531\"  tabindex=\"0\" title=\"28 de abril \u00e0s 19h | abertura da exposi\u00e7\u00e3o &lt;b&gt;Camaradas&lt;\/b&gt;, de Gabriel Melhado\"    >28 de abril \u00e0s 19h | abertura da exposi\u00e7\u00e3o <b>Camaradas<\/b>, de Gabriel Melhado<\/span><div id=\"target-id69f5b836ea531\" class=\"collapseomatic_content \">\n<p>visita\u00e7\u00e3o de 28 de abril a 13 de maio<\/p>\n<p>visitas mediadas:<br \/>28 de abril, sexta-feira, das 18h \u00e0s 22h<br \/>29 de abril, s\u00e1bado, das 14h \u00e0s 20h<br \/>30 de abril, domingo, das 14h \u00e0s 18h<br \/>3 de maio, quarta, das 14h \u00e0s 18h<br \/>5 de maio, sexta, das 18h \u00e0s 22h<br \/>6 de maio, s\u00e1bado, das 14h \u00e0s 20h<br \/>12 de maio, sexta, das 18h \u00e0s 22h<br \/>13 de maio, s\u00e1bado, das 14h \u00e0s 20h \u2013 Encerramento<\/p>\n<\/div>\n<p>6 de abril das 19h \u00e0s 22h | lan\u00e7amento do LP\u00a0<strong>Clara Crocodilo<\/strong>\u00a0de Arrigo Barnab\u00e9<\/p>\n<p>18 de mar\u00e7o a 15 de abril | curso\u00a0<strong>Publique voc\u00ea mesmo<\/strong>\u00a0com Felipe Melhado e Pablo Blanco \u00a0\u00a0<a href=\"https:\/\/grafatorio.com\/publique\">+info<\/a><\/p>\n<p>11 de mar\u00e7o das 16h \u00e0s 22h \u00a0| evento <strong>miniDOBRA #1<\/strong> no Grafat\u00f3rio<\/p>\n<p>1 de janeiro \u00a0| lan\u00e7amento do projeto\u00a0<strong>Nanao Global<\/strong>\u2003<a href=\"https:\/\/nanaoglobal.com\/PT\" target=\"_blank\" rel=\"noopener\">+info<\/a><\/p>\n<h3>2022<\/h3>\n<p>23 de dezembro das 8h \u00e0s 21h \u00a0| evento <strong>Banquinha de Natal<\/strong> no Grafat\u00f3rio<\/p>\n<p>21 de dezembro \u00e0s 21h | live de lan\u00e7amento\u00a0<strong>Escrever \u00e9 Esquecer<\/strong>\u00a0de Fernando Pessoa \u2013 conversa com Diego Gim\u00e9nez, Pablo Blanco e \u00a0Gustavo Andr\u00e9, com media\u00e7\u00e3o de Rodrigo Grota\u2003<a href=\"https:\/\/grafatorio.com\/site\/produto\/escrever-e-esquecer\/\">+info<\/a><\/p>\n<p>8 de dezembro \u00e0s 19h | lan\u00e7amento presencial <strong>3 Palavras S\u00f3 ou Quatro<\/strong><b>\u00a0<\/b>de Tomma Wember, no Piv\u00f4 (S\u00e3o Paulo-SP)\u2003<a href=\"https:\/\/www.instagram.com\/p\/Cl1E_56Ovgu\/\">+info<\/a><\/p>\n<p>2 de novembro \u00e0s 16h | lan\u00e7amento presencial <b>Escrever \u00e9 Esquecer\u00a0<\/b>de Fernando Pessoa, no Instituto de Estudos Brasileiros (Coimbra\u2013Portugal)\u2003<a href=\"http:\/\/www.ieb.uc.pt\/?p=2269\">+info<\/a><\/p>\n<p>18 de outubro \u00e0s 19h30 | evento <b>Ladies, wine &amp; design \u2013 Londrina<\/b>\u00a0com\u00a0Camila Forbeck\u2003<a href=\"https:\/\/www.instagram.com\/lwd.londrina\/\" target=\"_blank\" rel=\"noopener\">+info<\/a><\/p>\n<p>10 a 18 de setembro |\u00a0<strong>Festival DOBRA de Arte impressa<\/strong>\u2003<a href=\"http:\/\/dobra.grafatorio.com\" target=\"_blank\" rel=\"noopener\">+info<\/a><\/p>\n<p>23 de julho \u00e0s 16h | evento <b>Ateli\u00ea aberto: RASGO<\/b>\u00a0com\u00a0Lucas Rampazzo, Gabriel Bonfim e Nathalia Fante<\/p>\n<p>28 de junho \u00e0s 19h | evento <b>Exposi\u00e7\u00e3o Entre, este \u00e9 meu ateli\u00ea + Pr\u00e9-abertura do novo Grafat\u00f3rio<\/b><\/p>\n<p>20 de abril \u00e0s 19h | lan\u00e7amento presencial\u00a0<strong>O \u00daltimo Pau de Arara<\/strong>\u00a0de Jotab\u00ea Medeiros, no SESC Cadei\u00e3o\u2003<a href=\"https:\/\/www.facebook.com\/events\/790033828634849\">+info<\/a><\/p>\n<p>4 de abril \u00a0| lan\u00e7amento\u00a0<strong>mataviva #10 com Tatiana Carvalho<\/strong>\u00a0 \u00a0\u00a0<a href=\"https:\/\/mataviva.site\">+info<\/a><\/p>\n<p>2 de abril a 31 de maio | exposi\u00e7\u00e3o <strong>Sobras Completas<\/strong>\u00a0 \u00a0\u00a0<a href=\"https:\/\/sobrascompletas.grafatorio.com\">+info<\/a><\/p>\n<p>9 de mar\u00e7o \u00a0| lan\u00e7amento\u00a0<strong>mataviva #9 com J\u00falia de Carvalho Hansen<\/strong>\u00a0 \u00a0\u00a0<a href=\"https:\/\/mataviva.site\">+info<\/a><\/p>\n<p>28 de janeiro \u00a0| lan\u00e7amento\u00a0<strong>mataviva #8 com Yaxkin Melchy<\/strong>\u00a0 \u00a0\u00a0<a href=\"https:\/\/mataviva.site\">+info<\/a><\/p>\n<h3>2021<\/h3>\n<p>11 de novembro \u00e0s 19h | live\u00a0<strong>Conversa com Zansky<\/strong> \u2013 processo gr\u00e1fico do livro Um Nome Escrito No Vento\u00a0 \u00a0\u00a0<a href=\"https:\/\/www.instagram.com\/grafatorio\/\">via Instagram<\/a><\/p>\n<p>8\u20139 de novembro | oficina online <strong>Travessias \u00cdntimas \u2013 oficina intensiva de escrita afetiva<\/strong>\u00a0com Layse Moraes \u00a0\u00a0<a href=\"https:\/\/grafatorio.com\/site\/produto\/travessias-intimas\/\">+info<\/a><\/p>\n<p>28 de setembro \u00e0s 20h | lan\u00e7amento\u00a0<strong>Um Nome Escrito No Vento \u2013 Autobiografia N\u00e3o Autorizada\u00a0<\/strong>de Ademir Assun\u00e7\u00e3o \u00a0 \u00a0<a href=\"https:\/\/www.youtube.com\/channel\/UC_4jTMMkHu2FXhQkXM0cnSw\">via YouTube<\/a><\/p>\n<p>5 de setembro \u00a0| lan\u00e7amento\u00a0<strong>mataviva #7 com Andreza Poitena &amp; Josimas Ramos<\/strong>\u00a0 \u00a0\u00a0<a href=\"https:\/\/mataviva.site\">+info<\/a><\/p>\n<p>6 de agosto \u00a0| lan\u00e7amento\u00a0<strong>mataviva #6 com Nicolas Behr<\/strong>\u00a0 \u00a0\u00a0<a href=\"https:\/\/mataviva.site\">+info<\/a><\/p>\n<p>12 de julho \u00a0| lan\u00e7amento\u00a0<strong>mataviva #5 com Lucina<\/strong>\u00a0 \u00a0\u00a0<a href=\"https:\/\/mataviva.site\">+info<\/a><\/p>\n<p>27 de junho \u00a0| lan\u00e7amento\u00a0<strong>mataviva #4 com Vin\u00edcius Lima<\/strong>\u00a0 \u00a0\u00a0<a href=\"https:\/\/mataviva.site\">+info<\/a><\/p>\n<p>15 de junho \u00a0| lan\u00e7amento\u00a0<strong>mataviva #3 com Gary Lawless<\/strong>\u00a0 \u00a0\u00a0<a href=\"https:\/\/mataviva.site\">+info<\/a><\/p>\n<p>31 de maio \u00a0| lan\u00e7amento\u00a0<strong>mataviva #2 com Natalia Barros<\/strong>\u00a0 \u00a0\u00a0<a href=\"https:\/\/mataviva.site\">+info<\/a><\/p>\n<p>8 de maio \u00e0s 18h12 | abertura do s\u00edtio\u00a0<strong>mataviva<\/strong> e lan\u00e7amento <strong>mataviva #1 com Leonardo Fr\u00f3es<\/strong>\u00a0 \u00a0\u00a0<a href=\"https:\/\/mataviva.site\">+info<\/a><\/p>\n<p>10\u201312 de maio | oficina online\u00a0<strong>Pessoas fazem livros \u2013 turma dois<\/strong>\u00a0com Gabi Bresola e Marcos Walickosky \u00a0 \u00a0<a href=\"https:\/\/grafatorio.com\/site\/produto\/pessoas-fazem-livros-mai21\/\">+info<\/a><\/p>\n<p>26\u201328 de abril | oficina online\u00a0<strong>Pessoas fazem livros<\/strong>\u00a0com Gabi Bresola e Marcos Walickosky \u00a0 \u00a0<a href=\"https:\/\/grafatorio.com\/site\/produto\/pessoas-fazem-livros-abr21\/\">+info<\/a><\/p>\n<p>maio e junho | evento\u00a0<strong>REC \u2013 Roteiros em Circuito, etapa 2<\/strong>\u00a0 \u00a0\u00a0<a href=\"https:\/\/rec.grafatorio.com\">+info<\/a><\/p>\n<p>2 de abril \u00e0s 19h | lan\u00e7amento\u00a0<strong>Cole\u00e7\u00e3o Temas Supremos\u00a0<\/strong>de Luis Mioto \u00a0 \u00a0<a href=\"https:\/\/grafatorio.com\/site\/temassupremos\/\">acesse os livros<\/a><\/p>\n<p>20 de fevereiro \u00e0s 18h | lan\u00e7amento\u00a0<strong>O \u00daltimo Pau de Arara\u00a0<\/strong>de Jotab\u00ea Medeiros\u00a0 \u00a0\u00a0<a href=\"https:\/\/www.instagram.com\/tv\/CLh7rZFA1IE\/\">assista a grava\u00e7\u00e3o<\/a><\/p>\n<h3>2020<\/h3>\n<p>9, 11, 13 e 19 de novembro | oficina\u00a0<strong>Desenhando com C\u00f3digo<\/strong>\u00a0com Guilherme Vieira \u00a0 \u00a0<a href=\"https:\/\/grafatorio.com\/site\/produto\/desenhando-com-codigo-nov20\/\">+info<\/a><\/p>\n<p>19, 22, 26 e 29 de outubro | oficina\u00a0<strong>Apropria\u00e7\u00e3o Fotogr\u00e1fica: mem\u00f3ria e constru\u00e7\u00e3o<\/strong>\u00a0com Ma\u00edra Ishida \u00a0 \u00a0<a href=\"https:\/\/grafatorio.com\/site\/produto\/apropriacao-fotografica-out20\/\">+info<\/a><\/p>\n<p>outubro e novembro | evento\u00a0<strong>REC \u2013 Roteiros em Circuito, etapa 1<\/strong>\u00a0 \u00a0\u00a0<a href=\"https:\/\/rec.grafatorio.com\">+info<\/a><\/p>\n<p>7, 9, 11 e 18 de setembro | oficina\u00a0<strong>Desenhando com C\u00f3digo<\/strong>\u00a0com Guilherme Vieira \u00a0 \u00a0<a href=\"https:\/\/grafatorio.com\/site\/produto\/desenhando-com-codigo-set20\/\">+info<\/a><\/p>\n<p>28 de maio \u00e0s 19h | live\u00a0<strong>O \u00daltimo Pau de Arara\u00a0<\/strong>com Jotab\u00ea Medeiros\u00a0 \u00a0\u00a0<a href=\"https:\/\/www.instagram.com\/tv\/CBWejdzFPv_\/\">assista a grava\u00e7\u00e3o<\/a><\/p>\n<p>a partir de 11 de abril | oficina\u00a0<strong>Cer\u00e2mica<\/strong>\u00a0com Surah Miotta\u00a0 \u00a0\u00a0<a href=\"http:\/\/grafatorio.com\/site\/produto\/ceramica-abr20\">+info<\/a><\/p>\n<p>14 de mar\u00e7o das 15h \u00e0s 20h | simp\u00f3sio multidisciplinar\u00a0<strong>Estranho Estranho<\/strong>\u00a0 \u00a0\u00a0<a href=\"https:\/\/www.facebook.com\/events\/199935551357253\/\">+info<\/a><\/p>\n<p>at\u00e9 21 de mar\u00e7o | exposi\u00e7\u00e3o <strong>Pensamento gr\u00e1fico de Cleber Teixeira e a editora Noa Noa<\/strong>\u00a0 \u00a0\u00a0<a href=\"https:\/\/www.instagram.com\/tv\/CADzrDCgCfp\/\">visita guiada<\/a><\/p>\n<h3>2019<\/h3>\n<p>02 a 08 de dezembro |\u00a0<strong>Festival DOBRA de arte impressa\u00a0<a href=\"https:\/\/cargocollective.com\/dobra2019\/\">+info<\/a><\/strong><\/p>\n<p>19 de outubro\u00a0 | oficina\u00a0<strong>Letterpress \u2013 composi\u00e7\u00e3o e impress\u00e3o<\/strong>\u00a0com Silvio Valduga\u00a0 \u00a0<a href=\"http:\/\/grafatorio.com\/site\/produto\/letterpress-out19\/\">+info<\/a><\/p>\n<p>5 de outubro \u00e0s 19h\u00a0| abertura da exposi\u00e7\u00e3o\u00a0<strong>Em busca de mundos [im] poss\u00edveis <\/strong>de\u00a0Christina Zorzeto\u00a0 \u00a0<a href=\"https:\/\/www.facebook.com\/events\/714856342327147\/\">+info<\/a><\/p>\n<p>a partir de 5 de outubro | oficina\u00a0<strong>Cer\u00e2mica<\/strong>\u00a0com Surah Miotta\u00a0 \u00a0\u00a0<a href=\"http:\/\/grafatorio.com\/site\/produto\/ceramica-out19\/\">+info<\/a><\/p>\n<p>7 de setembro \u00e0s 19h30 | lan\u00e7amento <strong>Porque Eu Odeio<\/strong> de Claude McKay\u2003<a href=\"https:\/\/www.facebook.com\/events\/499117817552708\/\">+info<\/a><\/p>\n<p>5 de setembro \u00e0s 19h | abertura da exposi\u00e7\u00e3o <strong>Anatomia do Espa\u00e7o-Lugar<\/strong> de Margarida Holler\u2003<a href=\"https:\/\/www.facebook.com\/events\/1237763933014473\/\">+info<\/a><\/p>\n<p>27 de junho \u00e0s 19h30 | lan\u00e7amento <strong>No Fim da Inf\u00e2ncia<\/strong>\u00a0de Arrigo Barnab\u00e9\u2003<a href=\"https:\/\/www.facebook.com\/events\/699110843881316\/\">+info<\/a><\/p>\n<p>9 de junho \u00e0s 19h | abertura da exposi\u00e7\u00e3o\u00a0<strong>Bares<\/strong>\u00a0de Louren\u00e7o Duarte<\/p>\n<p>10 de maio \u00e0s 17h30 | abertura da exposi\u00e7\u00e3o <strong>Meu Cora\u00e7\u00e3o de Polaco Voltou<\/strong>\u2003<a href=\"https:\/\/www.facebook.com\/events\/2278329215748771\/\">+info<\/a><\/p>\n<p>a partir de 13 de abril \u00a0| oficina\u00a0<strong>Cer\u00e2mica<\/strong>\u00a0com Surah Miotta\u2003<a href=\"http:\/\/grafatorio.com\/site\/produto\/ceramica-abr19\/\">+info<\/a><\/p>\n<p>30 de mar\u00e7o \u00e0s 18h | abertura da exposi\u00e7\u00e3o\u00a0<strong>GRUDE + Fachada Nova<\/strong>\u00a0de v\u00e1rios artistas\u2003<a href=\"https:\/\/www.facebook.com\/events\/1087339134799425\/\" target=\"_blank\" rel=\"noopener noreferrer\">+info<\/a><\/p>\n<p>21 de mar\u00e7o \u00e0s 19h | lan\u00e7amento\u00a0<strong>Luas<\/strong>\u00a0de J\u00falia Rocha e Gustavo Galo\u2003<a href=\"https:\/\/www.facebook.com\/events\/374110983435319\/\" target=\"_blank\" rel=\"noopener noreferrer\">+info<\/a><\/p>\n<p>a partir de 19 de janeiro \u00a0| oficina\u00a0<strong>Cer\u00e2mica<\/strong>\u00a0com Surah Miotta\u2003<a href=\"http:\/\/grafatorio.com\/site\/produto\/ceramica-jan19\/\">+info<\/a><\/p>\n<h3>2018<\/h3>\n<p>21 de setembro \u00e0s 19h | abertura da exposi\u00e7\u00e3o\u00a0<strong>Em todo cora\u00e7\u00e3o mora um bicho<\/strong>\u00a0de Carolina Sanches\u2003<a href=\"https:\/\/www.facebook.com\/events\/535605363553022\/\" target=\"_blank\" rel=\"noopener noreferrer\">+info<\/a><\/p>\n<p>30 de agosto | exibi\u00e7\u00e3o do filme\u00a0<strong>O \u00faltimo voo \u2013 os anos 80 da Editora Brasiliense<\/strong>\u2003<a href=\"https:\/\/www.facebook.com\/events\/208293536708997\/\" target=\"_blank\" rel=\"noopener noreferrer\">+ info<\/a><\/p>\n<p>a partir de 25 de agosto \u00a0| oficina\u00a0<strong>Cer\u00e2mica<\/strong>\u00a0com Surah Miotta\u2003<a href=\"http:\/\/grafatorio.com\/site\/produto\/ceramica-ago18\/\">+info<\/a><\/p>\n<p>18 e 19 de agosto \u00a0| oficina\u00a0<strong>Cadernos Artesanais<\/strong>\u00a0com Let\u00edcia Albanez\u2003<a href=\"http:\/\/grafatorio.com\/site\/produto\/cadernos-artesanais\/\">+info<\/a><\/p>\n<p>18 de agosto \u00e0s 19h | abertura da exposi\u00e7\u00e3o\u00a0<strong>Outras paisagens<\/strong>\u00a0de Adolfo Emanuel e Anderson Monteiro\u2003<a href=\"https:\/\/www.facebook.com\/events\/540230749729126\/\" target=\"_blank\" rel=\"noopener noreferrer\">+info<\/a><\/p>\n<p>7 de julho \u00e0s 17h | abertura da exposi\u00e7\u00e3o\u00a0<strong>Londrina POP 60&#8217;s<\/strong>\u00a0e exibi\u00e7\u00e3o do filme\u00a0<strong>Juventude em Brasa<\/strong>\u2003<a href=\"https:\/\/www.facebook.com\/events\/2170015256554095\/\" target=\"_blank\" rel=\"noopener noreferrer\">+info<\/a><\/p>\n<p>23 de junho \u00a0| oficina\u00a0<strong>Letterpress \u2013 composi\u00e7\u00e3o e impress\u00e3o<\/strong>\u00a0com Silvio Valduga\u2003<a href=\"http:\/\/grafatorio.com\/site\/produto\/letterpress-jun18\/\">+info<\/a><\/p>\n<p>5\u20136 de maio \u00a0| evento\u00a0<strong>feira DOBRA de arte impressa<\/strong> no Museu Hist\u00f3rico de Londrina\u2003<a href=\"http:\/\/grafatorio.com\/dobra\">+info<\/a><\/p>\n<p>11 de abril \u00e0s 20h \u00a0| evento <strong>II\u00a0festa DOBRA: isso vai ter volta<\/strong> no Bar Valentino\u2003<a href=\"https:\/\/www.facebook.com\/events\/161630254523299\/\" target=\"_blank\" rel=\"noopener noreferrer\">+info<\/a><\/p>\n<p>17 de mar\u00e7o \u00a0| evento\u00a0<strong>Festejo de abertura 2018!<\/strong>\u2003<a href=\"https:\/\/www.facebook.com\/events\/391038708026374\/\" target=\"_blank\" rel=\"noopener noreferrer\">+info<\/a><\/p>\n<h3>2017<\/h3>\n<h4>Novembro\u2013Dezembro<\/h4>\n<p><span style=\"color: #fbfbfb;\">.<\/span><span class=\"collapseomatic \" id=\"id69f5b836ea6dc\"  tabindex=\"0\" title=\"17 de novembro \u00e0s 18h  | evento &lt;strong&gt;INTRA __&lt;\/strong&gt; mostra sonora e exposi\u00e7\u00f5es\"    >17 de novembro \u00e0s 18h  | evento <strong>INTRA __<\/strong> mostra sonora e exposi\u00e7\u00f5es<\/span><div id=\"target-id69f5b836ea6dc\" class=\"collapseomatic_content \">\n<p>INTRA \u00e9 um canal, uma realiza\u00e7\u00e3o mensal com transmiss\u00e3o online apresentadas na Vila Cultural Grafat\u00f3rio em eventos que unem artes visuais e sonoras.<\/p>\n<p>Nesta edi\u00e7\u00e3o:<\/p>\n<p>Akin\/Non Exist \u2013 Metanol FM<br \/>rHr. \u2013 Subcut\u00e2neo, GOWPE, OMNIDISC<br \/>+<br \/>Coletivo C\u00e3o Sem Plumas<br \/>AVgang<br \/>+<br \/>Bar About<\/p>\n<\/div>\n<h4>Setembro\u2013Outubro<\/h4>\n<p>28 de outubro \u00e0s 19h30 | abertura da exposi\u00e7\u00e3o\u00a0<strong>Rumores<\/strong>\u00a0de Elke Coelho<\/p>\n<p><span style=\"color: #fbfbfb;\">.<\/span><span class=\"collapseomatic \" id=\"id69f5b836ea774\"  tabindex=\"0\" title=\"20 de outubro \u00e0s 18h  | evento &lt;strong&gt;INTRA __&lt;\/strong&gt; mostra sonora e exposi\u00e7\u00f5es\"    >20 de outubro \u00e0s 18h  | evento <strong>INTRA __<\/strong> mostra sonora e exposi\u00e7\u00f5es<\/span><div id=\"target-id69f5b836ea774\" class=\"collapseomatic_content \">\n<p>Subcut\u00e2neo \u00e9 uma iniciativa independente com olhar de incentivo ao desenvolvimento de artistas locais. INTRA \u00e9 um canal, uma realiza\u00e7\u00e3o mensal com transmiss\u00e3o online apresentadas na Vila Cultural Grafat\u00f3rioem eventos que unem artes visuais e sonoras.<\/p>\n<p>Nesta edi\u00e7\u00e3o convidamos:<\/p>\n<p>Aline Vieira (Antiline) do selo Meia-Vida de Curitiba \/ Live PA<br \/>Rampazzo, artista multim\u00eddia de S\u00e3o Paulo \/ Live PA e proje\u00e7\u00f5es<br \/>+<br \/>Exposi\u00e7\u00e3o Meia-Vida, Leonardo Faria e GOWPE<br \/>+<br \/>Bar About<\/p>\n<p><span style=\"color: #fbfbfb;\">.<\/span><\/div>\n<p><span style=\"color: #fbfbfb;\">.<\/span><span class=\"collapseomatic \" id=\"id69f5b836ea7c5\"  tabindex=\"0\" title=\"14 de outubro  | lan\u00e7amento &lt;strong&gt;A Hora da L\u00e2mina&lt;\/strong&gt; de Paulo Leminski\"    >14 de outubro  | lan\u00e7amento <strong>A Hora da L\u00e2mina<\/strong> de Paulo Leminski<\/span><div id=\"target-id69f5b836ea7c5\" class=\"collapseomatic_content \">\n<p>A Hora da L\u00e2mina, de Paulo Leminski, est\u00e1 pronto! O livro com os \u00faltimos textos publicados em vida pelo poeta vai ser lan\u00e7ado no s\u00e1bado (14), \u00e0s 19h30, com entrada livre.\u00a0Na festa de lan\u00e7amento ainda rola o show Can\u00e7\u00f5es para Leminski, com Gustavo Galo (SP), e uma exposi\u00e7\u00e3o com as ilustra\u00e7\u00f5es originais criadas para o livro por Jo\u00e3o Ruas!<\/p>\n<p>A Hora da L\u00e2mina foi feito de forma totalmente artesanal, impresso em letterpress e encadernado manualmente. O livro re\u00fane os oito derradeiros textos de Leminski, pequenos ensaios, chamados de textos-ninja pelo poeta, que ele veiculou na Folha de Londrina em 1989.<\/p>\n<p>Embora estivesse com o corpo debilitado pelos excessos alco\u00f3licos, nestes \u00faltimos textos Leminski exercita um vigor e uma lucidez impressionantes. \u00c0 beira da morte o poeta kamiquase resolve fazer um verdadeiro elogio do conflito, da pot\u00eancia m\u00e1xima da a\u00e7\u00e3o. Ele entende a Arte de Viver como uma modalidade pedestre da Arte da Guerra, e transplanta para a vida de todos os dias as estrat\u00e9gias de mestres como Clausewitz, Sun Tzu e Musashi. Uma pr\u00e1tica b\u00e9lica do ato de viver necess\u00e1ria para o exerc\u00edcio da pr\u00f3pria liberdade. Uma atitude de afirma\u00e7\u00e3o da vida e de si mesmo frente \u00e0s insistentes convoca\u00e7\u00f5es para sermos \u00fateis, instrumentalizados, calculados.<\/p>\n<p>A Hora da L\u00e2mina \u00e9 o primeiro livro da Grafat\u00f3rio Edi\u00e7\u00f5es, selo ligado ao coletivo de mesmo nome. A publica\u00e7\u00e3o conta com o patroc\u00ednio do PROMIC &#8211; Programa Municipal de Incentivo \u00e0 Cultura.<\/p>\n<\/div>\n<p><span style=\"color: #fbfbfb;\">.<\/span><span class=\"collapseomatic \" id=\"id69f5b836ea834\"  tabindex=\"0\" title=\"4 de outubro  | minicurso &lt;strong&gt;Mulheres na arte: corpo, mem\u00f3ria e aproxima\u00e7\u00f5es&lt;\/strong&gt; com Lu Renata\"    >4 de outubro  | minicurso <strong>Mulheres na arte: corpo, mem\u00f3ria e aproxima\u00e7\u00f5es<\/strong> com Lu Renata<\/span><div id=\"target-id69f5b836ea834\" class=\"collapseomatic_content \">\n<p>O minicurso apresenta-se como uma contribui\u00e7\u00e3o para os estudos feministas contempor\u00e2neos. Atrav\u00e9s do conhecimento e valoriza\u00e7\u00e3o de artistas mulheres no campo das artes visuais, buscaremos perceber o modo pelo qual discursos patriarcais forjaram protagonismos, influenciaram as constru\u00e7\u00f5es ideol\u00f3gicas machistas e destinaram um lugar secund\u00e1rio, quando n\u00e3o invisibilizado para as mulheres na arte.<\/p>\n<h4>Datas e hor\u00e1rios<\/h4>\n<p>Dia <strong>4 de outubro<\/strong>\u00a0(quarta-feira) das 18h30 \u00e0s 22h30.<br \/><em>As inscri\u00e7\u00f5es para essa atividade se encerram no dia 03\u00a0de outubro \u00e0s 18h.<\/em><\/p>\n<h4>Valor<\/h4>\n<p><strong>R$ 70,00<\/strong><br \/>em at\u00e9 12 parcelas no cart\u00e3o de cr\u00e9dito (com juros)<br \/><em>\u2192 R$65,00 para pagamentos \u00e0 vista em dinheiro ou cheque.<\/em><\/p>\n<p><a href=\"http:\/\/www.grafatorio.com\/blog\/index.php\/produto\/mulheres-na-arte-corpo-memoria-e-aproximacoes\/\">Mais informa\u00e7\u00f5es<\/a><\/p>\n<\/div>\n<h4>Julho\u2013Agosto<\/h4>\n<p>12 de agosto \u00e0s 19h30 | abertura da exposi\u00e7\u00e3o\u00a0<strong>Flores no Prelo<\/strong>\u00a0de Danillo Villa, Katharine N\u00f3brega, Karina Rampazzo e Ricardo Bagge<\/p>\n<h4>Maio\u2013Junho<\/h4>\n<p><span style=\"color: #fbfbfb;\">.<\/span><span class=\"collapseomatic \" id=\"id69f5b836ea8a8\"  tabindex=\"0\" title=\"31 de maio  | evento &lt;strong&gt;festa DOBRA de arte impressa&lt;\/strong&gt;\"    >31 de maio  | evento <strong>festa DOBRA de arte impressa<\/strong><\/span><div id=\"target-id69f5b836ea8a8\" class=\"collapseomatic_content \">\n<p>Basta curtir a festa: \u00e9 assim que voc\u00ea pode ajudar o Grafat\u00f3rio a continuar existindo! No dia 31\/05, uma quarta-feira, vamos fazer no Valentino a Festa DOBRA de Arte Impressa, que vai contar com feira de impressos, leil\u00e3o de obras (com as mestres de cerim\u00f4nias Xandra Xoxota e Andr\u00e9a Boquet\u00e3o), show com a banda Telecopters e discotecagem de Caio D&#8217;Andr\u00e9a!<\/p>\n<p>Na feira de arte impressa, uma esp\u00e9cie de pr\u00e9-DOBRA, vamos receber alguns dos mais interessantes produtores locais:<br \/>&#8211; Heitor Kimura<br \/>&#8211; Astronave de Papel<br \/>&#8211; Lasca<br \/>&#8211; Alaia Alaialaica<br \/>&#8211; La resistencia gr\u00e1fica<br \/>&#8211; Leon Domingos<br \/>&#8211; Coletivo c\u00e3osemplumas<br \/>&#8211; Manoela Silva<\/p>\n<p>Toda a grana da bilheteria (e do leil\u00e3o) ser\u00e1 revertida para o Grafat\u00f3rio, que desde o in\u00edcio do ano est\u00e1 sem nenhum tipo de financiamento e correndo o risco de fechar! A entrada \u00e9 apenas 10 golpinhos. Apare\u00e7a!<\/p>\n<\/div>\n<hr \/>\n<h3>2016<\/h3>\n<h4>Novembro\u2013Dezembro<\/h4>\n<p>26\u00a0de novembro\u00a0\u00e0s 20h\u00a0| abertura da exposi\u00e7\u00e3o\u00a0<strong>L\u00edquido que nem pedra<\/strong>\u00a0de Anderson Monteiro (PR),\u00a0Coletivo Tra\u00e7o (RS) e Pilar Rocha (RJ)<\/p>\n<h4>Setembro\u2013Outubro<\/h4>\n<p><span style=\"color: #fbfbfb;\">.<\/span><span class=\"collapseomatic \" id=\"id69f5b836ea919\"  tabindex=\"0\" title=\"27 de outubro a 5 de novembro  | evento &lt;strong&gt;IV Ciclografias: Teoria das colis\u00f5es&lt;\/strong&gt;\"    >27 de outubro a 5 de novembro  | evento <strong>IV Ciclografias: Teoria das colis\u00f5es<\/strong><\/span><div id=\"target-id69f5b836ea919\" class=\"collapseomatic_content \">\n<p>Para que uma rea\u00e7\u00e3o ocorra, \u00e9 preciso que \u00e1tomos colidam \u2013 com a energia certa, esses choques entre part\u00edculas podem dar origem a novos produtos. E quando isso acontece, sabemos que ocorreu a chamada colis\u00e3o efetiva: liga\u00e7\u00f5es antigas se romperam &amp; novas liga\u00e7\u00f5es surgiram.<\/p>\n<p>Ciclografias \u00e9 acelerador de afetos \u2013 provoca o choque de artistas e entusiastas da arte impressa. Uma semana de encontros, conversas reveladoras, pr\u00e1ticas de of\u00edcios, trocas de figurinhas, curti\u00e7\u00f5es gr\u00e1ficas por Londrina. Um ambiente intensivo de colis\u00f5es que devem gerar produtos novos e de massa incalcul\u00e1vel.<\/p>\n<p>Em sua quarta edi\u00e7\u00e3o, o Ciclografias promove oficinas, bate-papos, uma exposi\u00e7\u00e3o e outras atividades pela cidade. Al\u00e9m disso, rola ainda a feira DOBRA de arte impressa, reunindo gente de tudo quanto \u00e9 canto disposta a trocar e vender seus experimentos gr\u00e1ficos.<\/p>\n<p>Programa\u00e7\u00e3o e inscri\u00e7\u00f5es\u00a0em <a href=\"http:\/\/www.grafatorio.com\/ciclografias\">grafatorio.com\/ciclografias<\/a><\/p>\n<\/div>\n<p><span style=\"color: #fbfbfb;\">.<\/span><span class=\"collapseomatic \" id=\"id69f5b836ea98b\"  tabindex=\"0\" title=\"29 de outubro  | evento &lt;strong&gt;feira DOBRA de arte impressa&lt;\/strong&gt;\"    >29 de outubro  | evento <strong>feira DOBRA de arte impressa<\/strong><\/span><div id=\"target-id69f5b836ea98b\" class=\"collapseomatic_content \">\n<p>Dobra. O elemento fundamental da publica\u00e7\u00e3o tradicional em c\u00f3dex: a dobra de uma folha.<br \/>Dobra. O ato de multiplicar por dois: indicativo de fazer algo duplicar, formar par.<br \/>Dobra. O que instaura, a partir de uma superf\u00edcie plana, um outro plano: a cria\u00e7\u00e3o de uma diferen\u00e7a.<\/p>\n<p>A Feira DOBRA de Arte Impressa re\u00fane editores independentes, microeditoras, artistas gr\u00e1ficos, fot\u00f3grafos, gravuristas, zineiros, quadrinistas e outros entusiastas da arte impressa. Uma feira de trocas &amp; vendas que j\u00e1 chega \u00e0 sua terceira edi\u00e7\u00e3o! Confira, abaixo, a programa\u00e7\u00e3o da DOBRA e os expositores selecionados para este ano.<\/p>\n<h4>Programa\u00e7\u00e3o 29.OUT<\/h4>\n<table>\n<tbody>\n<tr>\n<td>13h\u201319h<\/td>\n<td>Feira DOBRA de Arte Impressa<\/td>\n<\/tr>\n<tr>\n<td>13h\u201319h<\/td>\n<td>Esta\u00e7\u00e3o do Baixa: bebidas &amp; comidas com food-trucks e expositores locais<\/td>\n<\/tr>\n<tr>\n<td>14h30<\/td>\n<td>Conversa aberta com Daniel Barbosa (Est\u00fadio Invertido \u2013 Curitiba\/PR)<\/td>\n<\/tr>\n<tr>\n<td>16h00<\/td>\n<td>Conversa aberta com F\u00e1bio Morais (SP)<\/td>\n<\/tr>\n<tr>\n<td>17h30<\/td>\n<td>Conversa aberta com Kenji Ota (SP)<\/td>\n<\/tr>\n<\/tbody>\n<\/table>\n<p>Mais informa\u00e7\u00f5es\u00a0em\u00a0<a href=\"http:\/\/www.grafatorio.com\/dobra\">grafatorio.com\/dobra<\/a><\/p>\n<\/div>\n<p>24 de setembro\u00a0\u00e0s 18h\u00a0| abertura da exposi\u00e7\u00e3o\u00a0<strong>O Saci existe<\/strong>, com resultados do projeto\u00a0Aret\u00e9: de leste a oeste<\/p>\n<h4>Julho\u2013Agosto<\/h4>\n<p><span style=\"color: #fbfbfb;\">.<\/span><span class=\"collapseomatic \" id=\"id69f5b836ea9df\"  tabindex=\"0\" title=\"15 e 16 de setembro  | oficina &lt;strong&gt;Cadernos Artesanais&lt;\/strong&gt; com Let\u00edcia Albanez\"    >15 e 16 de setembro  | oficina <strong>Cadernos Artesanais<\/strong> com Let\u00edcia Albanez<\/span><div id=\"target-id69f5b836ea9df\" class=\"collapseomatic_content \">\n<p>A oficina vai abordar princ\u00edpios e t\u00e9cnicas b\u00e1sicas para a produ\u00e7\u00e3o de cadernos artesanais, levando em conta o valor dos processos manuais e seus aspectos criativos e afetivos.\u00a0Ser\u00e3o apresentados materiais, ferramentas e diversas possibilidades para encaderna\u00e7\u00e3o.\u00a0Na parte pr\u00e1tica, cada participante confeccionar\u00e1 dois cadernos, aprendendo a costura simples ou borboleta e a costura tradicional de livro capa dura.<\/p>\n<h4>Datas e hor\u00e1rios<\/h4>\n<p>Dia <strong>15\u00a0e 16\u00a0de setembro<\/strong>\u00a0(quinta\u00a0e sexta) das 18h30 \u00e0s 22h30.<br \/><em>As inscri\u00e7\u00f5es se encerram no dia 14 de setembro\u00a0\u00e0s 18h30.<\/em><\/p>\n<h4>Valor<\/h4>\n<p><strong>R$ 180,00<\/strong><br \/>em at\u00e9 12 parcelas no cart\u00e3o de cr\u00e9dito (com juros)<br \/><em>\u2192 R$165,00 para pagamentos \u00e0 vista em dinheiro ou cheque.<\/em><\/p>\n<p><a href=\"http:\/\/www.grafatorio.com\/blog\/index.php\/produto\/cadernos-ago16\/\">Mais informa\u00e7\u00f5es<\/a><\/p>\n<\/div>\n<p>24\u00a0de agosto\u00a0\u00e0s 19h30\u00a0| evento\u00a0<strong>Conversa aberta<\/strong>\u00a0com\u00a0Tatiana Altberg<\/p>\n<p>16\u00a0de julho\u00a0\u00e0s 18h\u00a0| abertura da exposi\u00e7\u00e3o\u00a0<strong>Natureza Gr\u00e1fica<\/strong>\u00a0de\u00a0Eduardo Gonzalez Tipp, Fl\u00e1vio Abuhab e Le\u00f3n Esteves<\/p>\n<p><span style=\"color: #fbfbfb;\">.<\/span><span class=\"collapseomatic \" id=\"id69f5b836eaa3e\"  tabindex=\"0\" title=\"2 de julho  | oficina &lt;strong&gt;Letterpress \u2013 composi\u00e7\u00e3o e impress\u00e3o&lt;\/strong&gt; com Silvio Valduga\"    >2 de julho  | oficina <strong>Letterpress \u2013 composi\u00e7\u00e3o e impress\u00e3o<\/strong> com Silvio Valduga<\/span><div id=\"target-id69f5b836eaa3e\" class=\"collapseomatic_content \">\n<p>A oficina \u00e9 uma introdu\u00e7\u00e3o \u00e0 t\u00e9cnica da composi\u00e7\u00e3o manual com tipos m\u00f3veis. Inicialmente os alunos v\u00e3o conhecer um pouco sobre o m\u00e9todo tipogr\u00e1fico, seus jarg\u00f5es e instrumentos. Na segunda etapa os participantes executar\u00e3o composi\u00e7\u00f5es com tipos de metal. Estas composi\u00e7\u00f5es ser\u00e3o reproduzidas em cart\u00f5es de visita, utilizando uma impressora minerva Original Heidelberg.<\/p>\n<h4>Datas e hor\u00e1rios<\/h4>\n<p>Dia\u00a0<strong>2\u00a0de julho\u00a0(s\u00e1bado)<\/strong>\u00a0das 9h \u00e0s 18h \u2013 com 1h de intervalo para almo\u00e7o.<br \/><em>As inscri\u00e7\u00f5es para essa atividade se encerram no dia 31\u00a0de junho\u00a0\u00e0s 18h30.<\/em><\/p>\n<h4>Valor<\/h4>\n<p><strong>R$ 180,00<\/strong><br \/>em at\u00e9 12 parcelas no cart\u00e3o de cr\u00e9dito (com juros)<br \/><em>\u2192 R$165,00 para pagamentos \u00e0 vista em dinheiro ou cheque.<\/em><\/p>\n<p><a href=\"http:\/\/www.grafatorio.com\/blog\/index.php\/produto\/letterpress-jun16\/\">Mais informa\u00e7\u00f5es<\/a><\/p>\n<\/div>\n<h4>Maio\u2013Junho<\/h4>\n<p>21\u00a0de maio\u00a0\u00e0s 18h\u00a0| abertura da exposi\u00e7\u00e3o\u00a0<strong>Pertinaz: quest\u00e3o de tempo<\/strong>\u00a0de\u00a0Felipe Vieira, Fercho Marqu\u00e9z e Marcela Novaes<\/p>\n<p><span style=\"color: #fbfbfb;\">.<\/span><span class=\"collapseomatic \" id=\"id69f5b836eaaaf\"  tabindex=\"0\" title=\"2 a 5 de maio  | oficina &lt;strong&gt;Caligrafia para Iniciantes&lt;\/strong&gt; com Diogo Blanco\"    >2 a 5 de maio  | oficina <strong>Caligrafia para Iniciantes<\/strong> com Diogo Blanco<\/span><div id=\"target-id69f5b836eaaaf\" class=\"collapseomatic_content \">\n<p>O curso de\u00a0<strong>Caligrafia para Iniciantes<\/strong>\u00a0tem como objetivo o aprendizado do alfabeto fundamental de pena quadrada bem como a introdu\u00e7\u00e3o te\u00f3rica e pr\u00e1tica ao universo da arte da caligrafia.<\/p>\n<h4>Datas e hor\u00e1rios<\/h4>\n<p>aula 1: segunda, dia 2\/maio das 19h00 \u00e0s 22h00<br \/>aula 2: ter\u00e7a, dia 3\/maio\u00a0das 19h00\u00a0\u00e0s 22h00<br \/>aula 3: quarta, dia 4\/maio\u00a0das 19h00\u00a0\u00e0s 22h00<br \/>aula 4: quinta, dia 5\/maio\u00a0das 19h00\u00a0\u00e0s 22h00<\/p>\n<p><em>As inscri\u00e7\u00f5es se encerram no dia 29\u00a0de abril\u00a0\u00e0s 19h.<\/em><\/p>\n<h4>Valor<\/h4>\n<p><strong>R$350,00<\/strong><br \/>em at\u00e9 12 parcelas no cart\u00e3o de cr\u00e9dito (com juros)<br \/><em>\u2192 R$320,00 para pagamentos \u00e0 vista em dinheiro ou cheque<\/em><\/p>\n<p><a href=\"http:\/\/www.grafatorio.com\/blog\/index.php\/produto\/caligrafia-para-iniciantes-mai16\/\">Mais informa\u00e7\u00f5es<\/a><\/p>\n<\/div>\n<h4>Mar\u00e7o\u2013Abril<\/h4>\n<p><span style=\"color: #fbfbfb;\">.<\/span><span class=\"collapseomatic \" id=\"id69f5b836eab1f\"  tabindex=\"0\" title=\"2 a 9 de abril  | evento &lt;strong&gt;Semana de Arte de Londrina: Sobre\u2013Cidade&lt;\/strong&gt;\"    >2 a 9 de abril  | evento <strong>Semana de Arte de Londrina: Sobre\u2013Cidade<\/strong><\/span><div id=\"target-id69f5b836eab1f\" class=\"collapseomatic_content \">\n<p>O urbano reinventado em uma Semana.<br \/>Sobre\u2013Cidade: para se discutir sobre; para se agir sobre.<br \/>Em 2016, a Semana de Arte de Londrina convida artistas de variadas urbs para um encontro com esta cidade. Pr\u00e1ticas &amp; saberes se deslocam na geografia \u2013 o espa\u00e7o local \u00e9 cen\u00e1rio de outras reflex\u00f5es e a\u00e7\u00f5es.<br \/>Pensar-fazer sobre Londrina a partir das inquieta\u00e7\u00f5es de artistas e coletivos: TEC, Cripta Djan, Coletivo C\u00e3osemplumas, Bil L\u00fchmann, David Magila, R.U.A. Fotocoletivo, Xilom\u00f3vel, Hugo Richard e Natali Tubenchlak.<br \/>Uma semana de interven\u00e7\u00f5es urbanas e reflex\u00f5es sobre existir esteticamente na cidade.<br \/>Sobre\u2013Cidade: de 2 a 9 de abril, oficinas e outras atividades gratuitas no mapa de Londrina.<\/p>\n<p>Acesse a programa\u00e7\u00e3o completa:\u00a0<a title=\"Semana de Arte de Londrina: Sobre\u2013Cidade\" href=\"http:\/\/www.semanadearte.com\" target=\"_blank\" rel=\"noopener noreferrer\">www.semanadearte.com<\/a><\/p>\n<\/div>\n<p><span style=\"color: #fbfbfb;\">.<\/span><span class=\"collapseomatic \" id=\"id69f5b836eaba9\"  tabindex=\"0\" title=\"23 de mar\u00e7o a 7 de setembro | projeto &lt;strong&gt;Aret\u00e9: de Leste a Oeste&lt;\/strong&gt;\"    >23 de mar\u00e7o a 7 de setembro | projeto <strong>Aret\u00e9: de Leste a Oeste<\/strong><\/span><div id=\"target-id69f5b836eaba9\" class=\"collapseomatic_content \">\n<p>Em 2016 vamos contar com oficinas do projeto Aret\u00e9: de leste a oeste,\u00a0voltadas para crian\u00e7as e adolescentes de 9 a 15 anos.<br \/>O projeto \u00e9 realizado por uma equipe de oito arte-educadores e suas oficinas t\u00eam como base o desenho, a constru\u00e7\u00e3o de cadernos, a pintura mural, lambe-lambe, fotografia e o uso de materiais descartados para a cria\u00e7\u00e3o de objetos.<\/p>\n<p>Al\u00e9m do trabalho com os arte-educadores, v\u00e3o rolar oficinas com mais quatro artistas convidados: Andr\u00e9 Mendes, Tatiana Altberg, Claudio Garcia e Camila Melara.<br \/>O\u00a0projeto tamb\u00e9m realizar\u00e1 um sistema de trocas entre as regi\u00f5es envolvidas (leste e oeste de Londrina) e duas exposi\u00e7\u00f5es coletivas.<\/p>\n<p>Os encontros acontecem\u00a0todas as quartas-feiras, das 8h30 \u00e0s 11h30, at\u00e9 o dia 7 de setembro.<br \/>As inscri\u00e7\u00f5es s\u00e3o gratuitas, com\u00a0limite de 25 vagas. Para mais informa\u00e7\u00f5es e inscri\u00e7\u00f5es\u00a0ligue:\u00a03024 3533 (Grafat\u00f3rio)\u00a0ou\u00a09680 5936.<\/p>\n<div class=\"text_exposed_show\">\n<p>O projeto Aret\u00e9: de leste a oeste conta com o patroc\u00ednio do PROMIC \u2013 Programa Municipal de Incentivo \u00e0 Cultura.<\/p>\n<\/div>\n<\/div>\n<hr \/>\n<h3>2015<\/h3>\n<h4>Novembro-Dezembro<\/h4>\n<p>14\u00a0de novembro\u00a0\u00e0s 18h\u00a0| abertura da exposi\u00e7\u00e3o <strong>Eu tentei brincar de n\u00e3o ser crian\u00e7a como voc\u00ea me pediu e me fodi<\/strong>\u00a0com\u00a0Danillo Villa<\/p>\n<h4>Setembro-Outubro<\/h4>\n<p>8\u00a0de outubro\u00a0\u00e0s 19h | abertura da exposi\u00e7\u00e3o\u00a0<strong>Aret\u00e9: de Norte a Sul<\/strong>\u00a0com\u00a0resultados do projeto<\/p>\n<p><span style=\"color: #fbfbfb;\">.<\/span><span class=\"collapseomatic \" id=\"id69f5b836eac25\"  tabindex=\"0\" title=\"4 a 27 de setembro  | evento &lt;strong&gt;III Ciclografias: imagina se pega no olho&lt;\/strong&gt;\"    >4 a 27 de setembro  | evento <strong>III Ciclografias: imagina se pega no olho<\/strong><\/span><div id=\"target-id69f5b836eac25\" class=\"collapseomatic_content \">\n<p>Riscos: encontros acidentais, contamina\u00e7\u00f5es intelectuais, experimenta\u00e7\u00f5es disruptivas, transfus\u00f5es corruptivas. Um m\u00eas de oficinas, conversas e outras trocas em Londrina, com agentes catalisadores vindos de outras partes do Brasil. Processos gr\u00e1ficos, publica\u00e7\u00f5es, tipografia e fotografia \u2013 ponto cego, humor l\u00edquido, retina e c\u00e2mara posterior. III Ciclografias: imagina se pega no olho.<\/p>\n<p>Acesse a programa\u00e7\u00e3o completa: <a href=\"http:\/\/www.grafatorio.com\/ciclografias\" target=\"_blank\" rel=\"nofollow noopener noreferrer\">www.grafatorio.com\/ciclografias<\/a><\/p>\n<\/div>\n<h4>Julho-Agosto<\/h4>\n<p>15 de agosto\u00a0\u00e0s 19h | abertura da exposi\u00e7\u00e3o\u00a0<strong>Rasgo: imers\u00e3o em cria\u00e7\u00e3o gr\u00e1fica<\/strong>\u00a0com\u00a0Ame crew, Elias de Andrade e Guilherme Gerais<\/p>\n<p><span style=\"color: #fbfbfb;\">.<\/span><span class=\"collapseomatic \" id=\"id69f5b836eac96\"  tabindex=\"0\" title=\"1 de agosto | oficina &lt;strong&gt;Letterpress \u2013 composi\u00e7\u00e3o e impress\u00e3o (2\u00aa edi\u00e7\u00e3o)&lt;\/strong&gt; com Silvio Valduga\"    >1 de agosto | oficina <strong>Letterpress \u2013 composi\u00e7\u00e3o e impress\u00e3o (2\u00aa edi\u00e7\u00e3o)<\/strong> com Silvio Valduga<\/span><div id=\"target-id69f5b836eac96\" class=\"collapseomatic_content \">\n<p>A oficina \u00e9 uma introdu\u00e7\u00e3o \u00e0 t\u00e9cnica da composi\u00e7\u00e3o manual com tipos m\u00f3veis. Inicialmente os alunos v\u00e3o conhecer um pouco sobre o m\u00e9todo tipogr\u00e1fico, seus jarg\u00f5es e instrumentos. Na segunda etapa os participantes executar\u00e3o composi\u00e7\u00f5es com tipos de metal. Estas composi\u00e7\u00f5es ser\u00e3o reproduzidas em cart\u00f5es de visita, utilizando uma impressora minerva Original Heidelberg.<\/p>\n<h4>Datas e hor\u00e1rios<\/h4>\n<p>Aten\u00e7\u00e3o!\u00a0A oficina foi adiada para:<br \/>Dia\u00a0<strong>1 de agosto\u00a0<\/strong>(s\u00e1bado) das 9h \u00e0s 18h \u2013 com 1h de intervalo para almo\u00e7o.<br \/><em>As inscri\u00e7\u00f5es para essa atividade se encerram no dia\u00a030\u00a0de julho\u00a0\u00e0s 18h30.<\/em><\/p>\n<h4>Valor<\/h4>\n<p><strong>R$ 180,00<\/strong><br \/>em at\u00e9 12 parcelas no cart\u00e3o de cr\u00e9dito (com juros)<br \/><em>\u2192 R$165,00 para pagamentos \u00e0 vista em dinheiro ou cheque.<\/em><\/p>\n<p><a href=\"http:\/\/www.grafatorio.com\/blog\/index.php\/produto\/letterpress-jul15\/\">Mais informa\u00e7\u00f5es<\/a><\/p>\n<\/div>\n<p>25 de julho \u00e0s 19h | abertura da exposi\u00e7\u00e3o\u00a0<strong>D\u00edgito<\/strong> com Reberson Alexandre<\/p>\n<p><span style=\"color: #fbfbfb;\">.<\/span><span class=\"collapseomatic \" id=\"id69f5b836eacf0\"  tabindex=\"0\" title=\"20\u201324 de julho | mini-curso &lt;strong&gt;GrafiCozinha de F\u00e9rias&lt;\/strong&gt; com Raissa Maciel e Nat\u00e1lia Balarotti\"    >20\u201324 de julho | mini-curso <strong>GrafiCozinha de F\u00e9rias<\/strong> com Raissa Maciel e Nat\u00e1lia Balarotti<\/span><div id=\"target-id69f5b836eacf0\" class=\"collapseomatic_content \">\n<p>O mini-curso <strong>GrafiCozinha de F\u00e9rias<\/strong> vai reunir a crian\u00e7ada para botar a m\u00e3o na massa! Ao longo da semana, as crian\u00e7as v\u00e3o estampar seus pr\u00f3prios aventais e aprender a fazer um monte de gostosuras. Quem participar vai aprender sobre princ\u00edpios b\u00e1sicos da cozinha, como cuidados com a higiene e com a seguran\u00e7a. Al\u00e9m, \u00e9 claro, de se divertir com novos amigos e se deliciar com novos sabores!<\/p>\n<p>(para crian\u00e7as de 4 a 10 anos)<\/p>\n<h4>Datas e hor\u00e1rios<\/h4>\n<p>Dias\u00a0<strong>20 a 24\u00a0de julh<\/strong>o\u00a0das 14h \u00e0s 18h.<br \/><em>As inscri\u00e7\u00f5es para essa atividade se encerram no dia 17\u00a0de julho\u00a0\u00e0s 18h30.<\/em><\/p>\n<h4>Valor<\/h4>\n<p><strong>R$255,00<\/strong><br \/>em at\u00e9 12\u00a0parcelas no cart\u00e3o de cr\u00e9dito (com juros)<br \/><em>\u2192 R$235,00 para pagamentos \u00e0 vista em dinheiro ou cheque.<\/em><\/p>\n<p><a href=\"http:\/\/www.grafatorio.com\/blog\/index.php\/produto\/graficozinha-jul15\/\">Mais informa\u00e7\u00f5es<\/a><\/p>\n<\/div>\n<h4>Maio-Junho<\/h4>\n<p>25\u00a0de junho \u00e0s 20h\u00a0| evento\u00a0<strong>Conversa aberta<\/strong> com Alexandre\u00a0Sequeira e media\u00e7\u00e3o de Maria Carla Ara\u00fajo<\/p>\n<p>20 de junho \u00e0s 18h | abertura da exposi\u00e7\u00e3o <strong>Estamos vendendo fichas<\/strong><\/p>\n<p><span style=\"color: #fbfbfb;\">.<\/span><span class=\"collapseomatic \" id=\"id69f5b836ead4b\"  tabindex=\"0\" title=\"23 e 24 de maio  | oficina &lt;strong&gt;Cadernos Artesanais&lt;\/strong&gt; com Let\u00edcia Albanez\"    >23 e 24 de maio  | oficina <strong>Cadernos Artesanais<\/strong> com Let\u00edcia Albanez<\/span><div id=\"target-id69f5b836ead4b\" class=\"collapseomatic_content \">\n<p>A oficina vai abordar princ\u00edpios e t\u00e9cnicas b\u00e1sicas para a produ\u00e7\u00e3o de cadernos artesanais, levando em conta o valor dos processos manuais e seus aspectos afetivos. Ser\u00e3o apresentados materiais, ferramentas e diversas possibilidades para encaderna\u00e7\u00e3o.<br \/>Na parte pr\u00e1tica, cada participante confeccionar\u00e1 dois cadernos, aprendendo a costura simples ou borboleta e a costura exposta.<\/p>\n<h4>Datas e hor\u00e1rios<\/h4>\n<p>Dia <strong>23 e 24 de maio<\/strong> (s\u00e1bado e domingo) das 14h \u00e0s 18h.<br \/>As inscri\u00e7\u00f5es se encerram no dia 21 de maio \u00e0s 18h30.<\/p>\n<h4>Valor<\/h4>\n<p><strong>R$ 180,00<\/strong><br \/>em at\u00e9 12 parcelas no cart\u00e3o de cr\u00e9dito (com juros)<br \/><em>\u2192 R$165,00 para pagamentos \u00e0 vista em dinheiro ou cheque.<\/em><\/p>\n<p><a href=\"http:\/\/www.grafatorio.com\/blog\/index.php\/produto\/cadernos-artesanais-mai15\/\">Mais informa\u00e7\u00f5es<\/a><\/p>\n<\/div>\n<h4>Mar\u00e7o-Abril<\/h4>\n<p>30\u00a0de abril\u00a0 | lan\u00e7amento do livro\u00a0<strong>Travessia<\/strong> de Guilherme Maranh\u00e3o<\/p>\n<p><span style=\"color: #fbfbfb;\">.<\/span><span class=\"collapseomatic \" id=\"id69f5b836eada9\"  tabindex=\"0\" title=\"22 a 25 de abril  | oficina &lt;strong&gt;Caligrafia para Iniciantes&lt;\/strong&gt; com Diogo Blanco\"    >22 a 25 de abril  | oficina <strong>Caligrafia para Iniciantes<\/strong> com Diogo Blanco<\/span><div id=\"target-id69f5b836eada9\" class=\"collapseomatic_content \">\n<p>O curso de\u00a0<strong>Caligrafia para Iniciantes<\/strong>\u00a0tem como objetivo o aprendizado do alfabeto fundamental de pena quadrada bem como a introdu\u00e7\u00e3o te\u00f3rica e pr\u00e1tica ao universo da arte da caligrafia.<\/p>\n<h4>Datas e hor\u00e1rios<\/h4>\n<p>aula 1: quarta, dia 22\/abril das 19h30 \u00e0s 22h30<br \/>aula 2: quinta, dia 23\/abril das 19h30 \u00e0s 22h30<br \/>aula 3: sexta, dia 24\/abril das 19h30 \u00e0s 22h30<br \/>aula 4: s\u00e1bado, dia 25\/abril das 10h\u00a0\u00e0s 13h<\/p>\n<p><em>As inscri\u00e7\u00f5es para esta atividade se encerram no dia 26 de setembro \u00e0s 19h.<\/em><\/p>\n<h4>Valor<\/h4>\n<p><strong>R$340,00<\/strong><br \/>em at\u00e9 12 parcelas no cart\u00e3o de cr\u00e9dito (com juros)<br \/><em>\u2192 R$320,00 para pagamentos \u00e0 vista em dinheiro ou cheque<\/em><\/p>\n<p><a href=\"http:\/\/www.grafatorio.com\/blog\/index.php\/produto\/caligrafia-para-iniciantes-abr15\">Mais informa\u00e7\u00f5es<\/a><\/p>\n<\/div>\n<p><span style=\"color: #fbfbfb;\">.<\/span><span class=\"collapseomatic \" id=\"id69f5b836eae15\"  tabindex=\"0\" title=\"18 de abril  | oficina &lt;strong&gt;Letterpress \u2013 composi\u00e7\u00e3o e impress\u00e3o&lt;\/strong&gt; com Silvio Valduga\"    >18 de abril  | oficina <strong>Letterpress \u2013 composi\u00e7\u00e3o e impress\u00e3o<\/strong> com Silvio Valduga<\/span><div id=\"target-id69f5b836eae15\" class=\"collapseomatic_content \">\n<p>A oficina \u00e9 uma introdu\u00e7\u00e3o \u00e0 t\u00e9cnica da composi\u00e7\u00e3o manual com tipos m\u00f3veis. Inicialmente os alunos v\u00e3o conhecer um pouco sobre o m\u00e9todo tipogr\u00e1fico, seus jarg\u00f5es e instrumentos. Na segunda etapa os participantes executar\u00e3o composi\u00e7\u00f5es com tipos de metal. Estas composi\u00e7\u00f5es ser\u00e3o reproduzidas em cart\u00f5es de visita, utilizando uma impressora minerva Original Heidelberg.<\/p>\n<h4>Datas e hor\u00e1rios<\/h4>\n<p>Dia <strong>18 de abril (s\u00e1bado)<\/strong> das 9h \u00e0s 18h \u2013 com 1h de intervalo para almo\u00e7o.<br \/><em>As inscri\u00e7\u00f5es para essa atividade se encerram no dia 16 de abril \u00e0s 18h30.<\/em><\/p>\n<h4>Valor<\/h4>\n<p><strong>R$ 180,00<\/strong><br \/>em at\u00e9 12 parcelas no cart\u00e3o de cr\u00e9dito (com juros)<br \/><em>\u2192 R$165,00 para pagamentos \u00e0 vista em dinheiro ou cheque.<\/em><\/p>\n<p><a href=\"http:\/\/www.grafatorio.com\/blog\/index.php\/produto\/letterpress\/\">Mais informa\u00e7\u00f5es<\/a><\/p>\n<\/div>\n<p><span style=\"color: #fbfbfb;\">.<\/span><span class=\"collapseomatic \" id=\"id69f5b836eae79\"  tabindex=\"0\" title=\"21 de mar\u00e7o  | abertura da exposi\u00e7\u00e3o &lt;strong&gt;de mim para o Outro&lt;\/strong&gt;\"    >21 de mar\u00e7o  | abertura da exposi\u00e7\u00e3o <strong>de mim para o Outro<\/strong><\/span><div id=\"target-id69f5b836eae79\" class=\"collapseomatic_content \">\n<p>Neste s\u00e1bado (21 de mar\u00e7o), a partir das 18h aqui no Grafat\u00f3rio (Av. Paul Harris, 1575), vai rolar a abertura da exposi\u00e7\u00e3o de gravuras intitulada \u201cde mim para o Outro\u201d.<br \/>A mostra exibe uma cole\u00e7\u00e3o de 19 gravuras selecionadas pelo artista e pesquisador Cl\u00e1udio Garcia a partir de seu pr\u00f3prio acervo. As gravuras s\u00e3o assinadas por Marcelo Grassman, Adolfo Emanuel, Lygia Eluf, Anna Letycia Quadros, Carolina Sobreira, Elias Andrade De Andrade, Julia Salgueiro, Rossini Perez, Rubens Gerchman, Z\u00e9 Igino e pelo pr\u00f3prio Claudio Garcia.<br \/>Durante a abertura, \u00e0s 20h, Cl\u00e1udio vai participar de uma conversa aberta com o p\u00fablico presente. Na conversa ele vai falar um pouco sobre o conceito da exposi\u00e7\u00e3o \u201cde mim para o Outro\u201d, sobre os autores das obras expostas e sobre os encontros que teve em sua trajet\u00f3ria.<br \/>A entrada \u00e9 livre. Para prolongar a noite, o Bar About vai estar aberto servindo comes &amp; bebes!<\/p>\n<h4>Datas e hor\u00e1rios<\/h4>\n<p>Abertura da exposi\u00e7\u00e3o \u2013\u00a0<strong>21 de mar\u00e7o<\/strong>\u00a0(s\u00e1bado) a partir das 18h.<br \/>Conversa aberta com Cl\u00e1udio Garcia\u00a0\u2013\u00a0<strong>21 de mar\u00e7o<\/strong>\u00a0(s\u00e1bado) \u00e0s 20h.<br \/>Visita\u00e7\u00e3o \u2013\u00a0<strong>21 de mar\u00e7o\u00a0a 25\u00a0de abril<\/strong>, de ter\u00e7a-feira a s\u00e1bados das 13h30 \u00e0s 18h30<\/p>\n<h4><b><strong>\u2192\u00a0<\/strong>Entrada livre<\/b><\/h4>\n<\/div>\n<hr \/>\n<h3>2014<\/h3>\n<h4>Setembro-Outubro<\/h4>\n<p><span style=\"color: #fbfbfb;\">.<\/span><span class=\"collapseomatic \" id=\"id69f5b836eaede\"  tabindex=\"0\" title=\"25 de outubro a 9 de novembro  | evento &lt;strong&gt;Ciclografias&lt;\/strong&gt;\"    >25 de outubro a 9 de novembro  | evento <strong>Ciclografias<\/strong><\/span><div id=\"target-id69f5b836eaede\" class=\"collapseomatic_content \">\n<p>Oficinas, exposi\u00e7\u00f5es, mesas redondas. Encontros. Ciclografias \u00e9 um circuito por onde ideias perambulam. O evento quer instaurar a troca, o interc\u00e2mbio, a circula\u00e7\u00e3o de saberes. Promover <span class=\"text_exposed_show\">em Londrina a conflu\u00eancia entre artistas visuais e gr\u00e1ficos, pesquisadores, pensadores, amadores e outros afins. Deflagrar di\u00e1logos, fazer pensar e criar.<\/span><\/p>\n<p>Acesse a programa\u00e7\u00e3o completa: <a href=\"http:\/\/www.grafatorio.com\/ciclografias\" target=\"_blank\" rel=\"nofollow noopener noreferrer\">www.grafatorio.com\/ciclografias<\/a><\/p>\n<\/div>\n<p><span style=\"color: #fbfbfb;\">.<\/span><span class=\"collapseomatic \" id=\"id69f5b836eaf4c\"  tabindex=\"0\" title=\"18 de outubro  | curso &lt;strong&gt;Introdu\u00e7\u00e3o ao Livro de Fotografia&lt;\/strong&gt; com Guilherme Gerais\"    >18 de outubro  | curso <strong>Introdu\u00e7\u00e3o ao Livro de Fotografia<\/strong> com Guilherme Gerais<\/span><div id=\"target-id69f5b836eaf4c\" class=\"collapseomatic_content \">\n<p>O mini-curso pretende introduzir os alunos ao universo do livro de fotografia, sua hist\u00f3ria, seus principais autores, possibilidades editoriais, formas de publica\u00e7\u00e3o, entre outros.<br \/>O objetivo \u00e9 potencializar a rela\u00e7\u00e3o entre a fotografia e um projeto editorial fotogr\u00e1fico, seja este para um livro, um cat\u00e1logo, uma revista, etc. A proposta principal \u00e9 iniciar, capacitar e preparar os alunos para a produ\u00e7\u00e3o e concep\u00e7\u00e3o do seu livro de fotografia. Mostrando, por meio de etapas, como trabalhar desde a ideia inicial at\u00e9 a impress\u00e3o.<\/p>\n<h4>Data e hor\u00e1rio<\/h4>\n<p>Dia <strong>18 de outubro<\/strong> (s\u00e1bado), das 9h \u00e0s 19h (1h de intervalo para almo\u00e7o).<em><em><br \/>As inscri\u00e7\u00f5es para esta atividade se encerram no dia 14 de outubro (ter\u00e7a-feira).<\/em><\/em><\/p>\n<h4>Inscri\u00e7\u00f5es e Sele\u00e7\u00e3o<\/h4>\n<p><em>Inscri\u00e7\u00f5es encerradas!<br \/><\/em>Confira aqui os selecionados:<\/p>\n<ul>\n<li>Anderson Coelho<\/li>\n<li>Arthur Henrique Santos<\/li>\n<li>Danilo Moreno<\/li>\n<li>Elizeo Garcia J\u00fanior<\/li>\n<li>Fl\u00e1via Gagliardi<\/li>\n<li>Karina Rampazzo<\/li>\n<li>L\u00edrica Arag\u00e3o Correia<\/li>\n<li>M\u00e1rcio Diegues<\/li>\n<li>Pedro Paulo Sanches Pinotti<\/li>\n<li>Yan Sorgi<\/li>\n<\/ul>\n<p>Nos encontramos nesse s\u00e1bado, \u00e0s 9h, no Grafat\u00f3rio. Quem tiver algum projeto, s\u00e9rie ou fotografia que queira discutir em sala, pode trazer!<br \/>Parab\u00e9ns e obrigado a todos pela participa\u00e7\u00e3o!<\/p>\n<\/div>\n<p><span style=\"color: #fbfbfb;\">.<\/span><span class=\"collapseomatic \" id=\"id69f5b836eafcb\"  tabindex=\"0\" title=\"14 a 17 de outubro  | oficina &lt;strong&gt;Experimenta\u00e7\u00e3o em Aquarela&lt;\/strong&gt; com Isadora Reim\u00e3o\"    >14 a 17 de outubro  | oficina <strong>Experimenta\u00e7\u00e3o em Aquarela<\/strong> com Isadora Reim\u00e3o<\/span><div id=\"target-id69f5b836eafcb\" class=\"collapseomatic_content \">\n<p>A oficina <strong>Experimenta\u00e7\u00e3o em Aquarela<\/strong> destina-se a introduzir a t\u00e9cnica por meio de exerc\u00edcios que exploram as v\u00e1rias faces dessa tinta t\u00e3o vers\u00e1til. Ser\u00e1 apresentado maneiras para se tirar proveito da imprevisibilidade da aquarela, explorando as\u00a0manchas que se formam aleatoriamente e tamb\u00e9m como estar no controle dessa tinta,\u00a0conseguindo obter tra\u00e7os definidos e realistas.<\/p>\n<h4>Datas e hor\u00e1rios<\/h4>\n<p>Dias\u00a0<strong>14, 15, 16 e 17 de\u00a0outubro<\/strong> das 14h \u00e0s 18h.<br \/><em><em>As inscri\u00e7\u00f5es para esta atividade se encerram no dia 10 de outubro \u00e0s 19h.<\/em><\/em><\/p>\n<h4>Valor<\/h4>\n<p><strong>R$ 280,00<\/strong><br \/>em at\u00e9 12 parcelas no cart\u00e3o de cr\u00e9dito (com juros)<br \/><em>\u2192 R$260,00 para pagamentos \u00e0 vista em dinheiro ou cheque.<\/em><\/p>\n<p><a href=\"http:\/\/www.grafatorio.com\/blog\/index.php\/produto\/experimentacao-em-aquarela\/\">Mais informa\u00e7\u00f5es<\/a><\/p>\n<\/div>\n<p><span style=\"color: #fbfbfb;\">.<\/span><span class=\"collapseomatic \" id=\"id69f5b836eb033\"  tabindex=\"0\" title=\"6 e 13 de outubro  | oficina &lt;strong&gt;Constru\u00e7\u00e3o de livro e carimbos: das impress\u00f5es do lugar&lt;\/strong&gt; com Adriana Siqueira\"    >6 e 13 de outubro  | oficina <strong>Constru\u00e7\u00e3o de livro e carimbos: das impress\u00f5es do lugar<\/strong> com Adriana Siqueira<\/span><div id=\"target-id69f5b836eb033\" class=\"collapseomatic_content \">\n<p>Com lupa, l\u00e1pis e papel em m\u00e3os, as crian\u00e7as observar\u00e3o o espa\u00e7o, seus detalhes e anotar\u00e3o em desenhos os recortes que mais lhes chamar a aten\u00e7\u00e3o. A partir dessas primeiras notas, ser\u00e3o criados carimbos (e.v.a. recortado, carret\u00e9is de linha vazios&#8230;)e ap\u00f3s, ser\u00e3o constru\u00eddos livro em zigue-zague com cortes alternados (que conferem ao livro muitas possibilidades de combina\u00e7\u00e3o entre suas p\u00e1ginas). Os carimbos ser\u00e3o utilizados para interferir no livro constru\u00eddo.<\/p>\n<h4>Data e hor\u00e1rio<\/h4>\n<p>Turma 1: Dia <strong>6 de outubro<\/strong> (segunda-feira), das 14h \u00e0s 17h.<em><em><br \/><\/em><\/em>Turma 2: Dia <strong>13 de outubro<\/strong> (segunda-feira), das 14h \u00e0s 17h.<\/p>\n<h4>Informa\u00e7\u00f5es<\/h4>\n<p>Pelo telefone<strong>\u00a0(43) 3024 3533<\/strong>\u00a0de segunda a sexta das 13h30 \u00e0s 17h30 ou e-mail <strong>contato@grafatorio.com<\/strong>.<\/p>\n<\/div>\n<p><span style=\"color: #fbfbfb;\">.<\/span><span class=\"collapseomatic \" id=\"id69f5b836eb0a7\"  tabindex=\"0\" title=\"29 de setembro a 3 de outubro  | oficina &lt;strong&gt;Caligrafia para Iniciantes&lt;\/strong&gt; com Diogo Blanco\"    >29 de setembro a 3 de outubro  | oficina <strong>Caligrafia para Iniciantes<\/strong> com Diogo Blanco<\/span><div id=\"target-id69f5b836eb0a7\" class=\"collapseomatic_content \">\n<p>O curso de\u00a0<strong>Caligrafia para Iniciantes<\/strong>\u00a0tem como objetivo o aprendizado do alfabeto fundamental de pena quadrada bem como a introdu\u00e7\u00e3o te\u00f3rica e pr\u00e1tica ao universo da arte da caligrafia.<\/p>\n<h4>Datas e hor\u00e1rios<\/h4>\n<p>aula 1:\u00a0segunda, dia 29\/setembro das 19:30h \u00e0s 22:30h<br \/>aula 2: ter\u00e7a, dia 30\/setembro das 19:30h \u00e0s 22:30h<br \/>aula 3:\u00a0quarta, dia 1\/outubro\u00a0das 19:30h \u00e0s 22:30h<br \/>aula 4:\u00a0quinta, dia 2\/outubro\u00a0das 19:30h \u00e0s 22:30h<br \/>aula 5:\u00a0sexta, dia 3\/outubro\u00a0das 19:30h \u00e0s 22:30h<\/p>\n<p><em>As inscri\u00e7\u00f5es para esta atividade se encerram no dia 26 de setembro \u00e0s 19h.<\/em><\/p>\n<h4>Valor<\/h4>\n<p><strong>R$390,00<\/strong><br \/>em at\u00e9 12 parcelas no cart\u00e3o de cr\u00e9dito (com juros)<br \/><em>\u2192 R$365,00 para pagamentos \u00e0 vista em dinheiro ou cheque<\/em><\/p>\n<p><a href=\"http:\/\/www.grafatorio.com\/blog\/index.php\/produto\/caligrafia-para-iniciantes-set14\">Mais informa\u00e7\u00f5es<\/a><\/p>\n<\/div>\n<p><span style=\"color: #fbfbfb;\">.<\/span><span class=\"collapseomatic \" id=\"id69f5b836eb10d\"  tabindex=\"0\" title=\"20 de setembro  | abertura da exposi\u00e7\u00e3o &lt;strong&gt;Data: Desenho, Gravura, Pintura&lt;\/strong&gt; + ensaio aberto &lt;strong&gt;Cabur\u00e9 Canela&lt;\/strong&gt;\"    >20 de setembro  | abertura da exposi\u00e7\u00e3o <strong>Data: Desenho, Gravura, Pintura<\/strong> + ensaio aberto <strong>Cabur\u00e9 Canela<\/strong><\/span><div id=\"target-id69f5b836eb10d\" class=\"collapseomatic_content \">\n<p>Neste s\u00e1bado (20 de setembro) vamos receber algumas atra\u00e7\u00f5es aqui no Grafat\u00f3rio!<br \/>A partir das 18h vai rolar a abertura da exposi\u00e7\u00e3o <em>Data: desenho, gravura, pintura<\/em>, do artista pl\u00e1stico Elias de Andrade. Entre pessoas, cachorros e objetos comuns, o cotidiano se faz evidente nos trabalhos de Elias. Com a mesma desenvoltura com que passeia por v\u00e1rias formas na observa\u00e7\u00e3o, o artista passeia tamb\u00e9m pelos suportes, instalando elos vis\u00edveis entre o \u201ceu\u201d e o \u201cmundo\u201d, entre o \u201ceu\u201d e o \u201coutro\u201d.<br \/>E, ainda no s\u00e1bado, o Grafat\u00f3rio vai sediar a primeira apari\u00e7\u00e3o da banda <em>Cabur\u00e9 Canela<\/em>. O grupo explora sonoridades pr\u00f3prias \u00e0 m\u00fasica popular e, principalmente, \u00e0 m\u00fasica negra. Fundindo ritmos estrangeiros (como o reggae jamaicano e o afrobeat nigeriano) a g\u00eaneros brasileiros (a exemplo do samba e do maracatu), o Cabur\u00e9 Canela apresenta um repert\u00f3rio de m\u00fasicas autorais, com letras bem trabalhadas que exploram temas pouco convencionais.<br \/>Al\u00e9m disso, o evento ainda vai contar com famigerado Bar About, servindo bebidas e comidinhas especiais.<\/p>\n<h4>Datas e hor\u00e1rios<\/h4>\n<p>Abertura da exposi\u00e7\u00e3o + ensaio aberto \u2013 <strong>20 de setembro<\/strong> (s\u00e1bado) a partir das 18h.<br \/>Visita\u00e7\u00e3o \u2013 <strong>20 de setembro a 11 de outubro<\/strong>, de ter\u00e7a-feira a s\u00e1bados das 13h30 \u00e0s 18h30<\/p>\n<h4><b><strong>\u2192\u00a0<\/strong>Entrada livre<\/b><\/h4>\n<\/div>\n<p><span style=\"color: #fbfbfb;\">.<\/span><span class=\"collapseomatic \" id=\"id69f5b836eb17c\"  tabindex=\"0\" title=\"13 de setembro a 4 de outubro  | oficina de &lt;strong&gt;Xilogravura&lt;\/strong&gt; com Carolina Sobreira\"    >13 de setembro a 4 de outubro  | oficina de <strong>Xilogravura<\/strong> com Carolina Sobreira<\/span><div id=\"target-id69f5b836eb17c\" class=\"collapseomatic_content \">\n<p>A oficina de xilogravura \u00e9 uma introdu\u00e7\u00e3o a esta t\u00e9cnica milenar de cria\u00e7\u00e3o e reprodu\u00e7\u00e3o de imagens. Ser\u00e3o trabalhados aspectos da hist\u00f3ria da xilo, manuseio das ferramentas e processo criativo. No decorrer dos encontros os participantes produzir\u00e3o tr\u00eas matrizes e far\u00e3o impress\u00f5es destas.<\/p>\n<h4>Datas e hor\u00e1rios<\/h4>\n<p>Aos s\u00e1bados, dias <strong>13, 20, 27 de setembro <\/strong>e <strong>4 de outubro <\/strong>das 9h \u00e0s 12h.<em><br \/><em>As inscri\u00e7\u00f5es para esta atividade se encerram no dia 10 de setembro \u00e0s 19h.<\/em><\/em><\/p>\n<h4>Valor<\/h4>\n<p><strong>R$180,00<\/strong><br \/>em at\u00e9 12\u00d7\u00a0no cart\u00e3o de cr\u00e9dito (com juros) via PagSeguro<br \/><em>\u2192 R$165,00 para pagamentos \u00e0 vista em dinheiro ou cheque<\/em><\/p>\n<p><a href=\"http:\/\/www.grafatorio.com\/blog\/index.php\/produto\/oficina-xilogravura\/\">Mais informa\u00e7\u00f5es<\/a><\/p>\n<\/div>\n<h4>Julho\u2013Agosto<\/h4>\n<p>30 de agosto a partir das 17h |\u00a0evento <b>Guerra de Ilustra\u00e7\u00f5es\u00a0<\/b>tema Tatuagem (participa\u00e7\u00e3o livre)<\/p>\n<p>26 de julho a partir das 10h |\u00a0evento <b>Guerra de Ilustra\u00e7\u00f5es\u00a0<\/b>tema Burlesco (participa\u00e7\u00e3o livre)<\/p>\n<h4>Maio\u2013Junho<\/h4>\n<p>28 de junho a 30 de agosto | exposi\u00e7\u00e3o <b>60 anos: Artigas<\/b> no Grafat\u00f3rio<\/p>\n<p>28 de junho a partir das 17h |\u00a0evento <b>Guerra de Ilustra\u00e7\u00f5es\u00a0<\/b>tema Prefiro Salame (participa\u00e7\u00e3o livre)<\/p>\n<p>20 de junho a partir das 18h |\u00a0evento <b>Performances Sonoras <\/b>com\u00a0<span class=\"userContent\">Acitatse, Cama Desfeita e Ungulo<\/span><\/p>\n<p>31 de maio a partir das 17h |\u00a0evento <b>Guerra de Ilustra\u00e7\u00f5es\u00a0<\/b>tema Filmes (participa\u00e7\u00e3o livre)<\/p>\n<p>3 de maio a partir das 17h |\u00a0evento <b>Guerra de Ilustra\u00e7\u00f5es\u00a0<\/b>tema Atl\u00e2ntida (participa\u00e7\u00e3o livre)<\/p>\n<h4>Mar\u00e7o\u2013Abril<\/h4>\n<p><span style=\"color: #fbfbfb;\">.<\/span><span class=\"collapseomatic \" id=\"id69f5b836eb1e8\"  tabindex=\"0\" title=\"28 de abril |  conversa aberta &lt;b&gt;Diagn\u00f3stico para Indie.Gest\u00e3o&lt;\/b&gt; com Francisca Caporali e Joana Meniconi\"    >28 de abril |  conversa aberta <b>Diagn\u00f3stico para Indie.Gest\u00e3o<\/b> com Francisca Caporali e Joana Meniconi<\/span><div id=\"target-id69f5b836eb1e8\" class=\"collapseomatic_content \">\n<p>No dia 28 de abril partir das 15h, Francisca Caporali e Joana Meniconi, de Belo Horizonte, v\u00e3o promover uma conversa aberta sobre quest\u00f5es pertinentes \u00e0 gest\u00e3o de centros art\u00edsticos independentes. As duas s\u00e3o integrantes do JA.CA, e est\u00e3o visitando v\u00e1rios centros culturais do Brasil com a finalidade de estudar e discutir este tema. Francisca \u00e9 artista pl\u00e1stica e professora da Escola Guignard (UEMG), e Joana \u00e9 professora dos cursos de Gest\u00e3o Cultural da UNA e do SENAC-MG.<\/p>\n<p>\u00c9 uma boa oportunidade para trocarmos experi\u00eancias!<\/p>\n<h4>Datas e hor\u00e1rios<\/h4>\n<p>Dia\u00a0<strong>28 de abril<\/strong>\u00a0(segunda-feira) a partir das 15h.<\/p>\n<h4><b><strong>\u2192\u00a0<\/strong>Entrada livre<\/b><\/h4>\n<\/div>\n<p><span style=\"color: #fbfbfb;\">.<\/span><span class=\"collapseomatic \" id=\"id69f5b836eb252\"  tabindex=\"0\" title=\"17 de abril | oficina &lt;strong&gt;Constru\u00e7\u00e3o de uma C\u00e2mera Digital Artesanal&lt;\/strong&gt; com Guilherme Maranh\u00e3o\"    >17 de abril | oficina <strong>Constru\u00e7\u00e3o de uma C\u00e2mera Digital Artesanal<\/strong> com Guilherme Maranh\u00e3o<\/span><div id=\"target-id69f5b836eb252\" class=\"collapseomatic_content \">\n<p>Nesta oficina, os participantes ser\u00e3o instru\u00eddos a desmontar um scanner de mesa e remont\u00e1-lo na forma de uma c\u00e2mera fotogr\u00e1fica digital. Antes de come\u00e7ar a desmontar, Guilherme orienta quanto a forma\u00e7\u00e3o de imagens de qualquer scanner e seu funcionamento b\u00e1sico.<br \/>O aluno aprender\u00e1 a identificar as pe\u00e7as do scanner que ser\u00e3o utilizadas e a adapt\u00e1-las para a constru\u00e7\u00e3o da c\u00e2mera. Orienta-se, por exemplo, quanto ao uso da pr\u00f3pria lente do scanner ou de outras objetivas fotogr\u00e1ficas; sobre como construir um corpo para a nova c\u00e2mera ou usar a sucata de um corpo de c\u00e2mera fotogr\u00e1fica comum.<br \/>Al\u00e9m disso, ser\u00e3o exploradas as t\u00e9cnicas envolvidas para fotografar a linha de chegada de provas de atletismo, fotos panor\u00e2micas, fotos do per\u00edmetro de objetos circulares e como medir os padr\u00f5es de movimento dos objetos fotografados.<\/p>\n<h4>Datas e hor\u00e1rios<\/h4>\n<p>Dia\u00a0<strong>17 de abril<\/strong>\u00a0(quinta-feira) das 9h \u00e0s 18h (intervalo de 1h para almo\u00e7o).<\/p>\n<h4>Valor<\/h4>\n<p><del><\/del><strong>R$5,00<\/strong><em><br \/><\/em><\/p>\n<h4>Inscri\u00e7\u00f5es<\/h4>\n<p>Pelo telefone<strong>\u00a0(43) 3024 3533<\/strong>\u00a0de segunda a sexta das 13h30 \u00e0s 17h30.<\/p>\n<\/div>\n<p><span style=\"color: #fbfbfb;\">.<\/span><span class=\"collapseomatic \" id=\"id69f5b836eb2bb\"  tabindex=\"0\" title=\"16 de abril |  palestra &lt;strong&gt;Processo Aberto &lt;strong&gt;\u2013&lt;\/strong&gt; Ru\u00eddos, interfer\u00eancias e acasos&lt;\/strong&gt; com Guilherme Maranh\u00e3o\"    >16 de abril |  palestra <strong>Processo Aberto <strong>\u2013<\/strong> Ru\u00eddos, interfer\u00eancias e acasos<\/strong> com Guilherme Maranh\u00e3o<\/span><div id=\"target-id69f5b836eb2bb\" class=\"collapseomatic_content \">\n<p>Guilherme Maranh\u00e3o fala um pouco dos seus processos, que envolvem o\u00a0uso de materiais e equipamentos que j\u00e1 passaram da sua etapa de\u00a0plenitude. Fala da busca pela imagem prec\u00e1ria, a imagem que pode ser\u00a0\u00fanica, irreprodut\u00edvel.<\/p>\n<h4>Datas e hor\u00e1rios<\/h4>\n<p>Dia\u00a0<strong>16 de abril<\/strong>\u00a0(quarta-feira) das 19h \u00e0s 21h.<\/p>\n<h4><b><strong>\u2192\u00a0<\/strong>Entrada livre<\/b><\/h4>\n<\/div>\n<p><span style=\"color: #fbfbfb;\">.<\/span><span class=\"collapseomatic \" id=\"id69f5b836eb333\"  tabindex=\"0\" title=\"10 e 11 de abril | oficina &lt;strong&gt;Fotoplastia&lt;\/strong&gt; com Edson Vieira, Felipe Melhado e Pablo Blanco\"    >10 e 11 de abril | oficina <strong>Fotoplastia<\/strong> com Edson Vieira, Felipe Melhado e Pablo Blanco<\/span><div id=\"target-id69f5b836eb333\" class=\"collapseomatic_content \">\n<p>Oficina de Fotoplastia, composi\u00e7\u00e3o manual texto-imagem \u2013 fotomontagens com escritos surrealistas:<br \/>Conhe\u00e7a a t\u00e9cnica e a teoria da fotomontagem manual! Aprenda a escrever como os surrealistas! Divirta-se manipulando qu\u00edmicos no laborat\u00f3rio de fotografia e crie um postal bacana! E voc\u00ea ainda leva para casa um super kit com a cole\u00e7\u00e3o completa de fotomontagens!<br \/>Nos dias 10 (das 9h30 \u00e0s 18h) e 11 de abril (das 14h \u00e0s 18h), no Grafat\u00f3rio.<\/p>\n<h4>Datas e hor\u00e1rios<\/h4>\n<p>Dia\u00a0<strong>10 de abril<\/strong>\u00a0(quinta-feira) das 9h30 \u00e0s 18h (intervalo de 1h para almo\u00e7o)\u00a0e<br \/>Dia\u00a0<strong>11 de abril<\/strong>\u00a0(sexta-feira) das 14h \u00e0s 18h.<\/p>\n<h4>Valor<\/h4>\n<p><del><\/del><strong>R$5,00<\/strong><em><br \/><\/em><\/p>\n<h4>Inscri\u00e7\u00f5es<\/h4>\n<p>Pelo telefone<strong> (43) 3024 3533<\/strong> de segunda a sexta das 13h30 \u00e0s 17h30.<\/p>\n<\/div>\n<p>29 de mar\u00e7o a partir das 17h |\u00a0evento <b>Guerra de Ilustra\u00e7\u00f5es\u00a0<\/b>tema Cidade: mundo pl\u00e1stico (participa\u00e7\u00e3o livre)<\/p>\n<hr \/>\n<h3>2013<\/h3>\n<h4>Outubro\u2013Novembro<\/h4>\n<p>30 de novembro a partir das 15h |\u00a0evento <b>Festa 1\u00ba ano<br \/><\/b>\u2192 com Exposi\u00e7\u00e3o e lan\u00e7amento da revista Sem\/Registro e Guerra de Ilustra\u00e7\u00f5es Especial<\/p>\n<p><span style=\"color: #fbfbfb;\">.<\/span><span class=\"collapseomatic \" id=\"id69f5b836eb399\"  tabindex=\"0\" title=\"29 e 30 de novembro | oficina &lt;strong&gt;Serigrafia!&lt;\/strong&gt; com Sem\/Registro (Felipe Cavalcante e Pedro Ivo Ver\u00e7osa)\"    >29 e 30 de novembro | oficina <strong>Serigrafia!<\/strong> com Sem\/Registro (Felipe Cavalcante e Pedro Ivo Ver\u00e7osa)<\/span><div id=\"target-id69f5b836eb399\" class=\"collapseomatic_content \">\n<p>A oficina procura estudar serigrafia enquanto linguagem partindo de um primeiro contato com a t\u00e9cnica. Ap\u00f3s uma introdu\u00e7\u00e3o te\u00f3rica ser\u00e3o experinciadas todas as etapas do processo. Ao final ser\u00e1 impressa uma publica\u00e7\u00e3o coletiva, gerada a partir da produ\u00e7\u00e3o dos participantes durante a atividade.<\/p>\n<h4>Datas e hor\u00e1rios<\/h4>\n<p>Dia\u00a0<strong>29 de novembro<\/strong>\u00a0(sexta-feira) das 14h \u00e0s 19h e<br \/>Dia\u00a0<strong>30 de novembro<\/strong>\u00a0(s\u00e1bado) das 9h \u00e0s 13h.<\/p>\n<h4>Valor<\/h4>\n<p><del><\/del><strong>R$290,00\u00a0<\/strong>\u2013 valor promocional v\u00e1lido at\u00e9 o dia 6 de novembro<em><br \/>em at\u00e9 12\u00d7\u00a0no cart\u00e3o de cr\u00e9dito (com juros) via PagSeguro<\/em><\/p>\n<h4>Tem interesse em participar de uma pr\u00f3xima?<\/h4>\n<p>Envie uma mensagem para\u00a0<strong>contato@grafatorio.com<\/strong>.<\/p>\n<\/div>\n<p><span style=\"color: #fbfbfb;\">.<\/span><span class=\"collapseomatic \" id=\"id69f5b836eb3fe\"  tabindex=\"0\" title=\"23 de novembro | evento &lt;strong&gt;Ciclografias \u2013 conversas entreartes&lt;\/strong&gt;\"    >23 de novembro | evento <strong>Ciclografias \u2013 conversas entreartes<\/strong><\/span><div id=\"target-id69f5b836eb3fe\" class=\"collapseomatic_content \">\n<p>Ciclografias \u2013\u00a0conversas entreartes quer promover um di\u00e1logo entre artistas, pesquisadores, profissionais e amadores que gravitam no prolixo universo das artes gr\u00e1ficas e visuais. Nesta primeira edi\u00e7\u00e3o, vamos fazer um dia de palestras ministradas por alguns destes sujeitos. O objetivo \u00e9 fazer circular suas experi\u00eancias, promovendo a troca de conhecimento entre eles e o p\u00fablico interessado. Os palestrantes de Ciclografias desenvolvem trabalhos muito diversificados entre si &#8211; mas, todos eles, instigantes na mesma intensidade.<br \/>Desta edi\u00e7\u00e3o participaram: Adriana Siqueira, Anderson Craveiro, Danillo Villa e Maikon Nery.<\/p>\n<h4>Datas e hor\u00e1rios<\/h4>\n<p>Dia\u00a0<strong>23 de novembro<\/strong>\u00a0(s\u00e1bado) das 14h \u00e0s 18h.<\/p>\n<h4>Valor<\/h4>\n<p><del><\/del><strong>R$17,00<\/strong><br \/>em at\u00e9 12\u00d7\u00a0no cart\u00e3o de cr\u00e9dito (com juros) via PagSeguro<em><br \/><\/em><\/p>\n<h4>Tem interesse em participar de uma pr\u00f3xima?<\/h4>\n<p>Envie uma mensagem para\u00a0<strong>contato@grafatorio.com<\/strong>.<\/p>\n<\/div>\n<p>9 de novembro a partir das 17h |\u00a0evento <b>Guerra de Ilustra\u00e7\u00f5es\u00a0<\/b>tema Black Metal (participa\u00e7\u00e3o livre)<\/p>\n<p><span style=\"color: #fbfbfb;\">.<\/span><span class=\"collapseomatic \" id=\"id69f5b836eb461\"  tabindex=\"0\" title=\"15 de outubro a 15 de novembro | exposi\u00e7\u00e3o&lt;b&gt; Trama Expandida&lt;\/b&gt;\"    >15 de outubro a 15 de novembro | exposi\u00e7\u00e3o<b> Trama Expandida<\/b><\/span><div id=\"target-id69f5b836eb461\" class=\"collapseomatic_content \">\n<p>Em Trama Expandida, 12 jovens fot\u00f3grafos que participaram do curso exp\u00f5e seus experimentos visuais.<br \/>A exposi\u00e7\u00e3o \u00e9 resultado do workshop Campo Expandido: Fotografia e Seus Tent\u00e1culos, ministrado pelo artista visual e pesquisador Rogerio Ghomes durante os meses de agosto e setembro no Grafat\u00f3rio.<\/p>\n<p><a title=\"Trama Expandida\" href=\"http:\/\/tramaexpandida.grafatorio.com\/\" target=\"_blank\" rel=\"noopener noreferrer\">tramaexpandida.grafatorio.com\/<\/a><\/p>\n<h4>Datas e hor\u00e1rios<\/h4>\n<p>Dia <strong>25 de outubro<\/strong> \u00e0s 19h30 |\u00a0Abertura<br \/>Dia <strong>25 de outubro<\/strong> \u00e0s 20h30 |\u00a0Conversa com os artistas<br \/>De\u00a0<strong>15 de outubro a 15 de novembro<\/strong> das 13h30 \u00e0s 18h30 |\u00a0Aberto a visita\u00e7\u00e3o<\/p>\n<p><b><strong>\u2192\u00a0<\/strong>Entrada livre<\/b><br \/><\/div>\n<h4>Agosto\u2013Setembro<\/h4>\n<p><span style=\"color: #fbfbfb;\">.<\/span><span class=\"collapseomatic \" id=\"id69f5b836eb4ba\"  tabindex=\"0\" title=\"22 de setembro | oficina &lt;strong&gt;Ordenado \u2013 grid e design&lt;\/strong&gt; com Bernardo Faria\"    >22 de setembro | oficina <strong>Ordenado \u2013 grid e design<\/strong> com Bernardo Faria<\/span><div id=\"target-id69f5b836eb4ba\" class=\"collapseomatic_content \">\n<p>Esta oficina tem como objetivo dar introdu\u00e7\u00e3o aos princ\u00edpios de Grid, da geometria e de modula\u00e7\u00f5es para uso em projetos de comunica\u00e7\u00e3o visual. Abordar\u00e1 terminologias espec\u00edficas sobre o tema e apresentar\u00e1 tipos de Grid, processos construtivos e aplica\u00e7\u00f5es pr\u00e1ticas. Tem como intuito principal\u00a0desmistificar\u00a0o processo de constru\u00e7\u00e3o e uso desta ferramenta.<\/p>\n<h4>Datas e hor\u00e1rios<\/h4>\n<p>Dia\u00a0<strong>22 de setembro<\/strong>\u00a0das 9h30 \u00e0s 17h (almo\u00e7o das 12h30 \u00e0s 14h).<em><br \/><\/em><\/p>\n<h4>Valor<\/h4>\n<p><del><\/del><strong>R$210 (incluso almo\u00e7o)<\/strong><br \/>em at\u00e9 12\u00d7\u00a0no cart\u00e3o de cr\u00e9dito (com juros) via PagSeguro<br \/><em>\u2192 6% de desconto para pagamentos \u00e0 vista em dinheiro ou cheque<\/em><\/p>\n<h4>Tem interesse em participar de uma pr\u00f3xima?<\/h4>\n<p>Envie uma mensagem para\u00a0<strong>contato@grafatorio.com<\/strong>.<\/p>\n<\/div>\n<p><span style=\"color: #fbfbfb;\">.<\/span><span class=\"collapseomatic \" id=\"id69f5b836eb511\"  tabindex=\"0\" title=\"14 de setembro | oficina &lt;strong&gt;Tipos M\u00f3veis \u2013 composi\u00e7\u00e3o e impress\u00e3o&lt;\/strong&gt; com Silvio Valduga\"    >14 de setembro | oficina <strong>Tipos M\u00f3veis \u2013 composi\u00e7\u00e3o e impress\u00e3o<\/strong> com Silvio Valduga<\/span><div id=\"target-id69f5b836eb511\" class=\"collapseomatic_content \">A oficina \u00e9 uma introdu\u00e7\u00e3o \u00e0 t\u00e9cnica da composi\u00e7\u00e3o manual com tipos m\u00f3veis. Inicialmente os alunos v\u00e3o conhecer um pouco sobre o m\u00e9todo tipogr\u00e1fico, seus jarg\u00f5es e instrumentos. Na segunda etapa os participantes executar\u00e3o composi\u00e7\u00f5es com tipos de madeira e metal. Estas composi\u00e7\u00f5es ser\u00e3o reproduzidas em pastas, utilizando uma impressora minerva manual.\u00a0A atividade ser\u00e1 realizada na\u00a0<em>Gr\u00e1fica da UEL<\/em>\u00a0\u00b7 Rodovia Celso Garcia Cid, Pr 445 Km 380 \u2219 Campus Universit\u00e1rio (em frente ao almoxarifado).<\/p>\n<h4>Datas e hor\u00e1rios<\/h4>\n<p>Dia\u00a0<strong>14 de setembro<\/strong>\u00a0(s\u00e1bado) das 9h \u00e0s 18h \u2013 com 1h de intervalo para almo\u00e7o.<em><br \/><\/em><\/p>\n<h4>Valor<\/h4>\n<p><strong>R$160,00<\/strong><br \/>em at\u00e9 12\u00d7\u00a0no cart\u00e3o de cr\u00e9dito (com juros) via PagSeguro<br \/><em>\u2192 6% de desconto para pagamentos \u00e0 vista em dinheiro ou cheque<\/em><\/p>\n<h4>Tem interesse em participar de uma pr\u00f3xima?<\/h4>\n<p>Envie uma mensagem para\u00a0<strong>contato@grafatorio.com<\/strong>.<\/p>\n<\/div>\n<p><span style=\"color: #fbfbfb;\">.<\/span><span class=\"collapseomatic \" id=\"id69f5b836eb572\"  tabindex=\"0\" title=\"12, 13, 14, 19, 20 e 21 de setembro | oficina &lt;strong&gt;Caligrafia para iniciantes&lt;\/strong&gt; com Diogo Blanco\"    >12, 13, 14, 19, 20 e 21 de setembro | oficina <strong>Caligrafia para iniciantes<\/strong> com Diogo Blanco<\/span><div id=\"target-id69f5b836eb572\" class=\"collapseomatic_content \">O curso de Caligrafia para iniciantes tem como objetivo o aprendizado do alfabeto fundamental de pena quadrada bem como a introdu\u00e7\u00e3o te\u00f3rica e pr\u00e1tica ao universo da arte da caligrafia.<\/p>\n<h4>Datas e hor\u00e1rios<\/h4>\n<p>aula 1: quinta-feira, dia 12\/setembro\u00a0das 19h \u00e0s 22h<br \/>aula 2: sexta-feira, dia 13\/setembro\u00a0das 19h \u00e0s 22h<br \/>aula 3: s\u00e1bado, dia 14\/setembro das 10h \u00e0s 13h<br \/>aula 4: quinta-feira, dia 19\/setembro\u00a0das 19h \u00e0s 22h<br \/>aula 5: sexta-feira, dia 20\/setembro\u00a0das 19h \u00e0s 22h<br \/>aula 6: s\u00e1bado, dia 21\/setembro das 10h \u00e0s 13h<\/p>\n<h4>Valor<\/h4>\n<p><strong>R$320,00<\/strong><br \/>em at\u00e9 12\u00d7\u00a0no cart\u00e3o de cr\u00e9dito (com juros) via PagSeguro<br \/><em>\u2192 6% de desconto para pagamentos \u00e0 vista em dinheiro ou cheque<\/em><\/p>\n<h4>Tem interesse em participar de uma pr\u00f3xima?<\/h4>\n<p>Envie uma mensagem para\u00a0<strong>contato@grafatorio.com<\/strong>.<\/p>\n<\/div>\n<p><span style=\"color: #fbfbfb;\">.<\/span><span class=\"collapseomatic \" id=\"id69f5b836eb5cd\"  tabindex=\"0\" title=\"10 e 11 de agosto | oficina &lt;strong&gt;Encaderna\u00e7\u00e3o Artesanal&lt;\/strong&gt; com Danieli B\u00e1rbara (Lilou Est\u00fadio)\"    >10 e 11 de agosto | oficina <strong>Encaderna\u00e7\u00e3o Artesanal<\/strong> com Danieli B\u00e1rbara (Lilou Est\u00fadio)<\/span><div id=\"target-id69f5b836eb5cd\" class=\"collapseomatic_content \">A oficina de Encaderna\u00e7\u00e3o Artesanal ir\u00e1 lhe proporcionar uma vis\u00e3o geral da encaderna\u00e7\u00e3o art\u00edstica. Aprenda a preparar os materiais e a fazer 3 tipos de costura: Copta, Japonesa e Longstitch.<\/p>\n<h4>Datas e hor\u00e1rios<\/h4>\n<p>Dias\u00a0<strong>10\u00a0e 11 de agosto<\/strong>\u00a0(s\u00e1bado e domingo) das 14h \u00e0s 18h.<del><em><br \/><\/em><\/del><\/p>\n<h4>Valor<\/h4>\n<p><strong>R$140,00<\/strong><br \/>em at\u00e9 12\u00d7\u00a0no cart\u00e3o de cr\u00e9dito (com juros) via PagSeguro<\/p>\n<h4>Tem interesse em participar de uma pr\u00f3xima?<\/h4>\n<p>Envie uma mensagem para\u00a0<strong>contato@grafatorio.com<\/strong>.<\/p>\n<\/div>\n<p><span style=\"color: #fbfbfb;\">.<\/span><span class=\"collapseomatic \" id=\"id69f5b836eb62c\"  tabindex=\"0\" title=\"In\u00edcio no dia 9 de agosto | oficina &lt;strong&gt;Campo Expandido_fotografia e seus tent\u00e1culos&lt;\/strong&gt; com Rogerio Ghomes\"    >In\u00edcio no dia 9 de agosto | oficina <strong>Campo Expandido_fotografia e seus tent\u00e1culos<\/strong> com Rogerio Ghomes<\/span><div id=\"target-id69f5b836eb62c\" class=\"collapseomatic_content \">A oficina prop\u00f5e uma produ\u00e7\u00e3o pr\u00e1tica e uma reflex\u00e3o te\u00f3rica sobre a linguagem fotogr\u00e1fica, sua interfaces e hibrida\u00e7\u00f5es. Rogerio Ghomes \u00a0abordar\u00e1 propostas tem\u00e1ticas dentro do campo da imagem, al\u00e9m das diferen\u00e7as de conceitos que tangenciam os limites po\u00e9ticos entre a documenta\u00e7\u00e3o fotogr\u00e1fica e o ensaio fotogr\u00e1fico autoral. Al\u00e9m desta abordagem, a oficina visa estimular a leitura est\u00e9tica das imagens utilizando os elementos sint\u00e1ticos e sem\u00e2nticos da linguagem visual.<\/p>\n<h4>Datas e hor\u00e1rios<\/h4>\n<p>In\u00edcio do curso no dia\u00a09 de agosto. Encontros\u00a0\u00e0s quartas e sextas-feiras das 14h \u00e0s 18h, totalizando 40 horas-aula.<\/p>\n<h4>Inscri\u00e7\u00f5es e sele\u00e7\u00e3o<\/h4>\n<p>Inscri\u00e7\u00f5es encerradas.<\/p>\n<p><a href=\"http:\/\/www.grafatorio.com\/blog\/index.php\/campoexpandido\">Informa\u00e7\u00f5es<\/a><\/p>\n<\/div>\n<h4>Junho\u2013Julho<\/h4>\n<p><span style=\"color: #fbfbfb;\">.<\/span><span class=\"collapseomatic \" id=\"id69f5b836eb691\"  tabindex=\"0\" title=\"15, 17 e 19 de julho | oficina &lt;strong&gt;Desenho Animado&lt;\/strong&gt; com Tha\u00eds Arcangelo\"    >15, 17 e 19 de julho | oficina <strong>Desenho Animado<\/strong> com Tha\u00eds Arcangelo<\/span><div id=\"target-id69f5b836eb691\" class=\"collapseomatic_content \">A oficina se inicia pelos princ\u00edpios b\u00e1sicos do desenho animado com a constru\u00e7\u00e3o de taumatropos e desenvolve diferentes t\u00e9cnicas da anima\u00e7\u00e3o quadro-a-quadro, a fim de promover a cria\u00e7\u00e3o de poss\u00edveis universos fant\u00e1sticos. O objetivo \u00e9 explorar o desenho animado como recurso para dar vida \u00e0 situa\u00e7\u00f5es imagin\u00e1rias.<\/p>\n<h4>P\u00fablico<\/h4>\n<p>Crian\u00e7as de 7 a 10 anos.<\/p>\n<h4>Datas e hor\u00e1rios<\/h4>\n<p>Dias <strong>15, 17 e 19 de julho<\/strong> (segunda, quarta e sexta-feira) das 14h \u00e0s 18h.<em><br \/><\/em><\/p>\n<h4>Valor<\/h4>\n<p><strong>R$110,00<\/strong><br \/>em at\u00e9 12\u00d7\u00a0no cart\u00e3o de cr\u00e9dito (com juros) via PagSeguro<\/p>\n<h4>Tem interesse em participar de uma pr\u00f3xima?<\/h4>\n<p>Envie uma mensagem para\u00a0<strong>contato@grafatorio.com<\/strong>.<\/p>\n<\/div>\n<p><span style=\"color: #fbfbfb;\">.<\/span><span class=\"collapseomatic \" id=\"id69f5b836eb6fa\"  tabindex=\"0\" title=\"13 de julho | oficina &lt;strong&gt;Ordenado \u2013 grid e design&lt;\/strong&gt; com Bernardo Faria\"    >13 de julho | oficina <strong>Ordenado \u2013 grid e design<\/strong> com Bernardo Faria<\/span><div id=\"target-id69f5b836eb6fa\" class=\"collapseomatic_content \">\n<p>Esta oficina tem como objetivo dar introdu\u00e7\u00e3o aos princ\u00edpios de Grid, da geometria e de modula\u00e7\u00f5es para uso em projetos de comunica\u00e7\u00e3o visual. Abordar\u00e1 terminologias espec\u00edficas sobre o tema e apresentar\u00e1 tipos de Grid, processos construtivos e aplica\u00e7\u00f5es pr\u00e1ticas. Tem como intuito principal\u00a0desmistificar\u00a0o processo de constru\u00e7\u00e3o e uso desta ferramenta.<\/p>\n<h4>Datas e hor\u00e1rios<\/h4>\n<p>Dia\u00a0<strong>13 de julho<\/strong>\u00a0das 9h30 \u00e0s 17h (almo\u00e7o das 12h30 \u00e0s 14h).<em><br \/><\/em><\/p>\n<h4>Valor<\/h4>\n<p><strong>R$210,00 (incluso almo\u00e7o)<\/strong><br \/>em at\u00e9 12\u00d7 no cart\u00e3o de cr\u00e9dito (com juros) via PagSeguro<\/p>\n<h4>Tem interesse em participar de uma pr\u00f3xima?<\/h4>\n<p>Envie uma mensagem para\u00a0<strong>contato@grafatorio.com<\/strong>.<\/p>\n<\/div>\n<p><span style=\"color: #fbfbfb;\">.<\/span><span class=\"collapseomatic \" id=\"id69f5b836eb787\"  tabindex=\"0\" title=\"25 a 27 de junho | oficina &lt;strong&gt;Tipo &amp; ID \u2013 2\u00aa edi\u00e7\u00e3o&lt;\/strong&gt; com Bernardo Faria\"    >25 a 27 de junho | oficina <strong>Tipo &amp; ID \u2013 2\u00aa edi\u00e7\u00e3o<\/strong> com Bernardo Faria<\/span><div id=\"target-id69f5b836eb787\" class=\"collapseomatic_content \">Esta oficina tem o objetivo de mostrar conceitos de tipografia incorporados no desenvolvimento de identidades visuais. Apresentar\u00e1 os fatores a serem considerados para a boa concep\u00e7\u00e3o de logotipos. Abordar\u00e1 princ\u00edpios de sele\u00e7\u00e3o e uso de fontes tipogr\u00e1ficas (logotipo e fontes institucionais). O aluno poder\u00e1, por meio de atividades pr\u00e1ticas com o material de apoio exclusivo, refor\u00e7ar os conhecimentos adquiridos.<\/p>\n<h4>Datas e hor\u00e1rios<\/h4>\n<p>Dias <strong>25, 26 e 27 de junho<\/strong> das 19h \u00e0s 22h.<\/p>\n<h4>Valor<\/h4>\n<p><strong>R$270,00<\/strong><br \/>em at\u00e9 12\u00d7\u00a0no cart\u00e3o de cr\u00e9dito (com juros) via PagSeguro<\/p>\n<h4>Tem interesse em participar de uma pr\u00f3xima?<\/h4>\n<p>Envie uma mensagem para\u00a0<strong>contato@grafatorio.com<\/strong>.<\/p>\n<\/div>\n<p><span style=\"color: #fbfbfb;\">.<\/span><span class=\"collapseomatic \" id=\"id69f5b836eb805\"  tabindex=\"0\" title=\"15, 16 e 22 de junho | oficina &lt;strong&gt;Fotografia de Guerrilha: parte I&lt;\/strong&gt; com Experiment\u00f3rio de Elabora\u00e7\u00e3o Gr\u00e1fica\"    >15, 16 e 22 de junho | oficina <strong>Fotografia de Guerrilha: parte I<\/strong> com Experiment\u00f3rio de Elabora\u00e7\u00e3o Gr\u00e1fica<\/span><div id=\"target-id69f5b836eb805\" class=\"collapseomatic_content \">\n<p>N\u00e3o aguenta mais apertar um bot\u00e3o e obter sempre uma imagem irritantemente correta, direita, apurada e \u00edntegra? Est\u00e1 infeliz com a falsa sensa\u00e7\u00e3o de controle, com as pr\u00e9-configura\u00e7\u00f5es reduzidas, com os filtros ordin\u00e1rios, com a mise-en-sc\u00e8ne da fotografia? Chegou a oportunidade! Esque\u00e7a o medo de furtos ou curto-circuitos. Abrace a incerteza e venha com a gente construir aparatos fotogr\u00e1ficos imprecisos e incontrol\u00e1veis, que n\u00e3o precisam de muito mais do que alguns el\u00e1sticos, um palito de sorvete e uma lata de cerveja para produzir resultados surpreendentes. C\u00e2meras inteiramente personalizadas, com sua cara e carisma.<\/p>\n<p>Descubra como mecanismos simples podem ser instigantes e divertidos. Desprenda-se das superficialidade t\u00e9cnicas, deixe de lado a nitidez e a luz perfeita para explorar novas possibilidades. Nessa experi\u00eancia voc\u00ea ser\u00e1 convocado a encarar a &#8220;m\u00e1quina fotogr\u00e1fica&#8221; como uma ferramenta adequ\u00e1vel \u00e0s suas necessidades mais estramb\u00f3licas. A buscar estratagemas e artif\u00edcios para registrar a exist\u00eancia al\u00e9m das poses, os flagrantes e descuidos da vida.<\/p>\n<p>Fa\u00e7a parte do distinto grupo dos fot\u00f3grafos de guerrilha!<\/p>\n<h4>Datas e hor\u00e1rios<\/h4>\n<p>Dia\u00a0<strong>15 e 16 de junho<\/strong>\u00a0(s\u00e1bado e domingo) das 14h \u00e0s 17h e<br \/>Dia\u00a0<strong>22 de junho<\/strong>\u00a0(s\u00e1bado) das 10h \u00e0s 12h.<\/p>\n<h4>Valor<\/h4>\n<p><strong>R$120,00<\/strong><br \/>em at\u00e9 12\u00d7\u00a0no cart\u00e3o de cr\u00e9dito (com juros) via PagSeguro<\/p>\n<h4>Tem interesse em participar de uma pr\u00f3xima?<\/h4>\n<p>Envie uma mensagem para <strong>contato@grafatorio.com<\/strong>.<\/p>\n<\/div>\n<h4>Abril\u2013Maio<\/h4>\n<p><span style=\"color: #fbfbfb;\">.<\/span><span class=\"collapseomatic \" id=\"id69f5b836eb879\"  tabindex=\"0\" title=\"18 e 19 de maio | oficina &lt;strong&gt;Clich\u00e9 Verre, um negativo feito \u00e0 m\u00e3o&lt;\/strong&gt; com Pianofuzz\"    >18 e 19 de maio | oficina <strong>Clich\u00e9 Verre, um negativo feito \u00e0 m\u00e3o<\/strong> com Pianofuzz<\/span><div id=\"target-id69f5b836eb879\" class=\"collapseomatic_content \">Na oficina os participantes ser\u00e3o convidados a elaborar gravuras em negativos fotogr\u00e1ficos a partir da t\u00e9cnica do clich\u00e9 verre, tal como era desenvolvida na \u00e9poca de sua cria\u00e7\u00e3o, no final do s\u00e9culo XIX. A impress\u00e3o e reprodu\u00e7\u00e3o das gravuras ser\u00e3o feitas no laborat\u00f3rio fotogr\u00e1fico, em papel fotossens\u00edvel. Cada aluno entrar\u00e1 em contato com os processos e a metodologia proposta, experimentando t\u00e9cnicas de abstra\u00e7\u00e3o e o fazer anal\u00f3gico. A oficina tem como objetivo gerar a discuss\u00e3o e contribuir com a reflex\u00e3o sobre a pr\u00e1tica da gravura em vidro enquanto linguagem.<\/p>\n<h4>Datas e hor\u00e1rios<\/h4>\n<p>Dia\u00a0<strong>18 de maio<\/strong>\u00a0(s\u00e1bado) das 10h \u00e0s 18h\u00a0\u2013 com 1h de intervalo para almo\u00e7o \u2013\u00a0e<br \/>Dia\u00a0<strong>19 de maio<\/strong>\u00a0(domingo) das 14h \u00e0s 19h.<\/p>\n<h4>Valor<\/h4>\n<p><strong>R$190,00<\/strong><br \/>em at\u00e9 12 parcelas no cart\u00e3o de cr\u00e9dito (com juros)<\/p>\n<h4>Tem interesse em participar de uma pr\u00f3xima?<\/h4>\n<p>Envie uma mensagem para\u00a0<strong>contato@grafatorio.com<\/strong>.<\/p>\n<\/div>\n<p><span style=\"color: #fbfbfb;\">.<\/span><span class=\"collapseomatic \" id=\"id69f5b836eb8ed\"  tabindex=\"0\" title=\"24 a 26 de abril | oficina &lt;strong&gt;Tipo &amp; ID&lt;\/strong&gt; com Bernardo Faria\"    >24 a 26 de abril | oficina <strong>Tipo &amp; ID<\/strong> com Bernardo Faria<\/span><div id=\"target-id69f5b836eb8ed\" class=\"collapseomatic_content \">Este workshop tem o objetivo de mostrar conceitos de tipografia incorporados no desenvolvimento de identidades visuais. Apresentar\u00e1 os fatores a serem considerados para a boa concep\u00e7\u00e3o de logotipos. Abordar\u00e1 princ\u00edpios de sele\u00e7\u00e3o e uso de fontes tipogr\u00e1ficas (logotipo e fontes institucionais). O aluno poder\u00e1, por meio de atividades pr\u00e1ticas com o material de apoio exclusivo, refor\u00e7ar os conhecimentos adquiridos.<\/p>\n<h4>Datas e hor\u00e1rios<\/h4>\n<p>Dias 24, 25 e 26 de abril das 19h \u00e0s 22h.<\/p>\n<h4>Valor<\/h4>\n<p><strong>R$270,00<\/strong><br \/>em at\u00e9 12\u00d7\u00a0no cart\u00e3o de cr\u00e9dito (com juros) via PagSeguro<\/p>\n<h4>Tem interesse em participar de uma pr\u00f3xima?<\/h4>\n<p>Envie uma mensagem para\u00a0<strong>bernardo@grafatorio.com<\/strong>.<br \/><\/div>\n<p><span style=\"color: #fbfbfb;\">.<\/span><span class=\"collapseomatic \" id=\"id69f5b836eb969\"  tabindex=\"0\" title=\"20 de abril a 11 de junho | oficina &lt;strong&gt;Caligrafia para iniciantes&lt;\/strong&gt; com Diogo Blanco\"    >20 de abril a 11 de junho | oficina <strong>Caligrafia para iniciantes<\/strong> com Diogo Blanco<\/span><div id=\"target-id69f5b836eb969\" class=\"collapseomatic_content \">O curso de Caligrafia para iniciantes tem como objetivo o aprendizado do alfabeto fundamental de pena quadrada bem como a introdu\u00e7\u00e3o te\u00f3rica e pr\u00e1tica ao universo da arte da caligrafia.<\/p>\n<h4>Datas e hor\u00e1rios<\/h4>\n<p><strong>Turma 1<\/strong>\u00a0\u2013 aos s\u00e1bados das 10h \u00e0s 13h<br \/>Dias 20 e 27 de abril \u2219\u00a04, 18 e 25 de maio \u2219 1 e 8 de junho<\/p>\n<p><strong>Turma 2<\/strong>\u00a0\u2013 \u00e0s ter\u00e7as-feiras das 19h \u00e0s 22h<br \/>Dias 23 e 30 de abril \u2219 7, 21 e 28 de maio\u00a0\u2219\u00a04 e 11 de junho<\/p>\n<h4>Valor<\/h4>\n<p><strong>R$320,00<\/strong><br \/>em at\u00e9 12\u00d7\u00a0no cart\u00e3o de cr\u00e9dito (com juros) via PagSeguro<\/p>\n<h4>Tem interesse em participar de uma pr\u00f3xima?<\/h4>\n<p>Envie uma mensagem para\u00a0<strong>diogo@grafatorio.com<\/strong>.<\/p>\n<\/div>\n<hr \/>\n<h3>Projetos<\/h3>\n<p><span style=\"color: #fbfbfb;\">.<\/span><span class=\"collapseomatic \" id=\"id69f5b836eb9d3\"  tabindex=\"0\" title=\"semanal | &lt;strong&gt;Experiment\u00f3rio de Elabora\u00e7\u00e3o Gr\u00e1fica&lt;\/strong&gt;\"    >semanal | <strong>Experiment\u00f3rio de Elabora\u00e7\u00e3o Gr\u00e1fica<\/strong><\/span><div id=\"target-id69f5b836eb9d3\" class=\"collapseomatic_content \">Grupo de estudos que investiga processos de impress\u00e3o e reprodu\u00e7\u00e3o de imagem alternativos, artesanais, fant\u00e1sticos e assim por diante. Somos, em suma, colegas que se re\u00fanem periodicamente para explorar solu\u00e7\u00f5es n\u00e3o muito convencionais de comunica\u00e7\u00e3o visual. Ou da falta dela.<span style=\"color: #888888;\"><a href=\"http:\/\/www.facebook.com\/experimentica\" target=\"_blank\" rel=\"noopener noreferrer\"><span style=\"color: #888888;\">www.facebook.com\/experimentica<\/span><\/a><\/span><br \/><span style=\"color: #888888;\"><a href=\"http:\/\/cargocollective.com\/laborafica\" target=\"_blank\" rel=\"noopener noreferrer\"><span style=\"color: #888888;\">www.cargocollective.com\/laborafica<\/span><\/a><\/span><\/p>\n<h4>Datas e hor\u00e1rios<\/h4>\n<p>Aos s\u00e1bados das 9h \u00e0s 13h<\/p>\n<p><span style=\"color: #000000;\"><strong>\u2192\u00a0Inscri\u00e7\u00f5es encerradas<\/strong><\/span><\/p>\n<\/div>\n<p><span style=\"color: #fbfbfb;\">.<\/span><span class=\"collapseomatic \" id=\"id69f5b836eba36\"  tabindex=\"0\" title=\"semanal | &lt;strong&gt;Trajet\u00f3rias Gr\u00e1ficas&lt;\/strong&gt;\"    >semanal | <strong>Trajet\u00f3rias Gr\u00e1ficas<\/strong><\/span><div id=\"target-id69f5b836eba36\" class=\"collapseomatic_content \">Grupo de pesquisa sobre a hist\u00f3ria das pr\u00e1ticas gr\u00e1ficas na cidade de Londrina e regi\u00e3o. O objetivo \u00e9 localizar os artistas gr\u00e1ficos que produziram na cidade e entorno, resgatando suas pr\u00e1ticas, m\u00e9todos, est\u00e9ticas e viv\u00eancias.<\/p>\n<h4>Datas e hor\u00e1rios<\/h4>\n<p>\u00c0s quartas-feiras das 19h \u00e0s 21h.<\/p>\n<h4>Inscri\u00e7\u00f5es<\/h4>\n<p>Envie uma mensagem para <strong>felipe@grafatorio.com<\/strong> com o assunto &#8220;Trajet\u00f3rias Gr\u00e1ficas&#8221;.<br \/><\/div>\n\n\n<p>&nbsp;<\/p>\n","protected":false},"excerpt":{"rendered":"<p>Clique sobre os t\u00edtulos para mais informa\u00e7\u00f5es. 2026 24 a 26 de julho | evento Festival DOBRA de Arte impressa 2026\u2003+info 2 de maio das 16h \u00e0s 22h \u00a0| evento miniDOBRA #7 no Grafat\u00f3rio\u00a0 \u00a0+info 25 de abril | oficina Games &amp; arte: uma introdu\u00e7\u00e3o com Guilherme Gerais [PR]\u00a0 \u00a0+info 14 de mar\u00e7o das 16h [&hellip;]<\/p>\n","protected":false},"author":1,"featured_media":0,"parent":0,"menu_order":0,"comment_status":"closed","ping_status":"closed","template":"","meta":{"footnotes":""},"class_list":["post-433","page","type-page","status-publish","hentry"],"_links":{"self":[{"href":"https:\/\/grafatorio.com\/site\/wp-json\/wp\/v2\/pages\/433","targetHints":{"allow":["GET"]}}],"collection":[{"href":"https:\/\/grafatorio.com\/site\/wp-json\/wp\/v2\/pages"}],"about":[{"href":"https:\/\/grafatorio.com\/site\/wp-json\/wp\/v2\/types\/page"}],"author":[{"embeddable":true,"href":"https:\/\/grafatorio.com\/site\/wp-json\/wp\/v2\/users\/1"}],"replies":[{"embeddable":true,"href":"https:\/\/grafatorio.com\/site\/wp-json\/wp\/v2\/comments?post=433"}],"version-history":[{"count":118,"href":"https:\/\/grafatorio.com\/site\/wp-json\/wp\/v2\/pages\/433\/revisions"}],"predecessor-version":[{"id":5529,"href":"https:\/\/grafatorio.com\/site\/wp-json\/wp\/v2\/pages\/433\/revisions\/5529"}],"wp:attachment":[{"href":"https:\/\/grafatorio.com\/site\/wp-json\/wp\/v2\/media?parent=433"}],"curies":[{"name":"wp","href":"https:\/\/api.w.org\/{rel}","templated":true}]}}